{"id":918,"date":"2020-10-09T13:11:46","date_gmt":"2020-10-09T13:11:46","guid":{"rendered":"https:\/\/envinor.com\/teste\/?page_id=918"},"modified":"2020-11-18T18:23:48","modified_gmt":"2020-11-18T18:23:48","slug":"produtos","status":"publish","type":"page","link":"https:\/\/envinor.com\/?page_id=918","title":{"rendered":"Produtos"},"content":{"rendered":"<div class=\"wpb-content-wrapper\"><p>[vc_row][vc_column width=&#8221;1\/3&#8243; el_id=&#8221;monolitico&#8221;][vc_single_image image=&#8221;983&#8243; img_size=&#8221;full&#8221;]<h5 class='heading-content  style-1' ><span>Vidro Monol\u00edtico<\/span><\/h5>[vc_column_text]Tamb\u00e9m conhecido como vidro float, trata-se de um vidro plano com espessura regular, incolor ou colorido. Pode ser cortado, manufaturado, temperado, pintado, foscado ou aplicado em vidro duplo.[\/vc_column_text][vc_empty_space height=&#8221;10px&#8221;]<ul class='list triangle'><li>Variedades de cores<\/li><li>Material sustent\u00e1vel<\/li><li>Baixo custo<\/li><li>Facilidade no corte<\/li><li>M\u00e9dia performance para controlo solar<\/li><li>Camada refletiva resistente<\/li><li>Facilidade de limpeza<\/li><\/ul>[\/vc_column][vc_column width=&#8221;1\/3&#8243; el_id=&#8221;temperado&#8221;][vc_single_image image=&#8221;970&#8243; img_size=&#8221;full&#8221;]<h5 class='heading-content  style-1' ><span>Vidro Temperado<\/span><\/h5>[vc_column_text]Vidro sujeito a tratamento t\u00e9rmico, que lhe d\u00e1 uma maior dureza e resist\u00eancia t\u00e9rmica. Quando danificado, o vidro temperado estilha\u00e7a-se em pequenos fragmentos, o que representa uma grande vantagem ao n\u00edvel da seguran\u00e7a.[\/vc_column_text][vc_empty_space height=&#8221;10px&#8221;]<ul class='list triangle'><li>Resist\u00eancia \u00e0 flex\u00e3o e ao impacto<\/li><li>Maior seguran\u00e7a<\/li><li>Alto desempenho t\u00e9rmico e energ\u00e9tico<\/li><\/ul><h5 class='heading-content  divider-lg' ><span>Aplica\u00e7\u00f5es<\/span><\/h5><ul class='list triangle'><li>Divis\u00f3rias e montras: Portas, fixos, bandeiras onde as pe\u00e7as de fixa\u00e7\u00e3o exigem furos<\/li><li>Resguardos de duche: portas de correr, abrir e fixos<\/li><li>Entre-m\u00f3veis de cozinha<\/li><li>Guardas de escadas e varandas quando fixas com bot\u00f5es, pe\u00e7as e mini-prumos<\/li><li>Palas<\/li><\/ul>[\/vc_column][vc_column width=&#8221;1\/3&#8243; el_id=&#8221;laminado&#8221;][vc_single_image image=&#8221;963&#8243; img_size=&#8221;full&#8221;]<h5 class='heading-content  style-1' ><span>Vidro Laminado<\/span><\/h5>[vc_column_text]Composto por duas ou mais placas de vidro, unidas por uma ou mais camadas interm\u00e9dias de polivinil butiral (PVB) ou resina. Ao quebrar, os estilha\u00e7os ficam colados a essa camada interm\u00e9dia, concedendo uma maior seguran\u00e7a ao vidro.[\/vc_column_text][vc_empty_space height=&#8221;10px&#8221;]<ul class='list triangle'><li>Maior seguran\u00e7a<\/li><li>Melhor isolamento ac\u00fastico<\/li><li>Prote\u00e7\u00e3o anti-UV<\/li><\/ul>[\/vc_column][\/vc_row][vc_row][vc_column][vc_empty_space height=&#8221;100px&#8221;][\/vc_column][\/vc_row][vc_row][vc_column width=&#8221;1\/3&#8243; el_id=&#8221;duplo&#8221;][vc_single_image image=&#8221;983&#8243; img_size=&#8221;full&#8221;]<h5 class='heading-content  style-1' ><span>Vidro Duplo<\/span><\/h5>[vc_column_text]Consiste na jun\u00e7\u00e3o de duas chapas de vidro separadas por um intercalar perif\u00e9rico (met\u00e1lico ou org\u00e2nico) e seladas hermeticamente, deixando no seu interior uma c\u00e2mara de ar desidratado ou g\u00e1s \u00e1rgon. Esta c\u00e2mara interm\u00e9dia d\u00e1 ao vidro um desempenho t\u00e9rmico muito superior.[\/vc_column_text][vc_empty_space height=&#8221;10px&#8221;]<ul class='list triangle'><li>Melhor isolamento t\u00e9rmico<\/li><li>Melhor isolamento ac\u00fastico<\/li><li>Controlo solar<\/li><\/ul><h5 class='heading-content  divider-lg' ><span>Aplica\u00e7\u00f5es<\/span><\/h5><ul class='list triangle'><li> Edif\u00edcios com necessidade de isolamento t\u00e9rmico, ac\u00fastico e controlo solar<\/li><\/ul>[\/vc_column][vc_column width=&#8221;1\/3&#8243; el_id=&#8221;lacado&#8221;][vc_single_image image=&#8221;983&#8243; img_size=&#8221;full&#8221;]<h5 class='heading-content  style-1' ><span>Vidro Lacado<\/span><\/h5>[vc_column_text]Vidro plano com uma camada de tinta lacada numa das faces, cuja ader\u00eancia \u00e9 refor\u00e7ada com um tratamento especial. A lacagem \u00e9 resistente aos raios UV, \u00e0 descolora\u00e7\u00e3o e \u00e0 humidade, permitindo assim a coloca\u00e7\u00e3o em casas de banho e cozinhas.[\/vc_column_text][vc_empty_space height=&#8221;10px&#8221;]<ul class='list triangle'><li>Versatilidade de aplica\u00e7\u00f5es<\/li><li>Extensa gama de cores<\/li><li>Resistente a raios UV, descolora\u00e7\u00e3o e humidade<\/li><\/ul><h5 class='heading-content  divider-lg' ><span>Aplica\u00e7\u00f5es<\/span><\/h5><ul class='list triangle'><li>Revestimento de paredes<\/li><li>Mobili\u00e1rio<\/li><li>Portas de arm\u00e1rios<\/li><\/ul>[\/vc_column][vc_column width=&#8221;1\/3&#8243; el_id=&#8221;extraclaro&#8221;][vc_single_image image=&#8221;977&#8243; img_size=&#8221;full&#8221;]<h5 class='heading-content  style-1' ><span>Vidro Extraclaro<\/span><\/h5>[vc_column_text]Vidro float com baixo teor de \u00f3xidos met\u00e1licos na sua composi\u00e7\u00e3o, o que faz com que n\u00e3o tenha a colora\u00e7\u00e3o verde na espessura.[\/vc_column_text][vc_empty_space height=&#8221;10px&#8221;]<ul class='list triangle'><li>Maior transpar\u00eancia<\/li><li>Ideal para lacagem uma vez que n\u00e3o altera as cores<\/li><\/ul>[\/vc_column][\/vc_row][vc_row][vc_column][vc_empty_space height=&#8221;100px&#8221;][\/vc_column][\/vc_row][vc_row][vc_column width=&#8221;1\/3&#8243; el_id=&#8221;ceramico&#8221;][vc_single_image image=&#8221;983&#8243; img_size=&#8221;full&#8221;]<h5 class='heading-content  style-1' ><span>Vidro Cer\u00e2mico<\/span><\/h5>[vc_column_text]Vidro com elevada resist\u00eancia t\u00e9rmica, aguentando temperaturas at\u00e9 1200\u00baC.[\/vc_column_text][vc_empty_space height=&#8221;10px&#8221;]<ul class='list triangle'><li> Alta resist\u00eancia t\u00e9rmica<\/li><\/ul><h5 class='heading-content  divider-lg' ><span>Aplica\u00e7\u00f5es<\/span><\/h5><ul class='list triangle'><li> Lareiras e recuperadores de calor<\/li><\/ul>[\/vc_column][vc_column width=&#8221;1\/3&#8243; el_id=&#8221;espelho&#8221;][vc_single_image image=&#8221;960&#8243; img_size=&#8221;full&#8221;]<h5 class='heading-content  style-1' ><span>Espelho<\/span><\/h5>[vc_column_text]Vidro float com uma camada met\u00e1lica numa das superf\u00edcies, protegida por uma camada de tinta. \u00c9 essa camada met\u00e1lica, em prata ou alum\u00ednio, que reflete as imagens que vemos atrav\u00e9s do vidro transparente. \u00c9 muito utilizado como elemento decorativo para o enriquecimento de espa\u00e7os.[\/vc_column_text][vc_empty_space height=&#8221;10px&#8221;]<h5 class='heading-content  divider-lg' ><span>Aplica\u00e7\u00f5es<\/span><\/h5><ul class='list triangle'><li>Casas de banho<\/li><li>Halls de entrada<\/li><li>Espa\u00e7os comerciais: restaurantes, rece\u00e7\u00f5es, lojas, stands de autom\u00f3veis, etc.<\/li><li>Portas<\/li><li>Arm\u00e1rios<\/li><li>Salas de jantar<\/li><li>Quartos<\/li><\/ul>[\/vc_column][vc_column width=&#8221;1\/3&#8243; el_id=&#8221;servicos&#8221;][vc_single_image image=&#8221;961&#8243; img_size=&#8221;full&#8221;]<h5 class='heading-content  style-1' ><span>SERVI\u00c7OS E ACABAMENTOS<em class=\"heading-subtitle\" style='color: #0a4c88'>Assist\u00eancia T\u00e9cnica<\/em><\/span><\/h5>[vc_column_text]Disponibilizamos servi\u00e7o de substitui\u00e7\u00e3o e manuten\u00e7\u00e3o de fixa\u00e7\u00f5es, molas de pavimento e todas as pe\u00e7as necess\u00e1rias em qualquer instala\u00e7\u00e3o de vidro temperado.[\/vc_column_text]<h5 class='heading-content  style-1' ><span><em class=\"heading-subtitle\" style='color: #0a4c88'>Coloca\u00e7\u00e3o\/Montagem T\u00e9cnica de Vidros:<\/em><\/span><\/h5>[vc_column_text]A nossa Equipa conta com uma grande experi\u00eancia e do equipamento t\u00e9cnico mais moderno na montagem de vidros e espelhos, na sua obra ou moradia.[\/vc_column_text][vc_empty_space height=&#8221;10px&#8221;]<h5 class='heading-content  divider-lg' ><span>Acabamentos<\/span><\/h5><ul class='list triangle'><li>Transforma\u00e7\u00e3o de vidro plano<\/li><li>Colagem de Vidros com Sistema UV<\/li><li>Biselagem<\/li><li>Fura\u00e7\u00e3o<\/li><li>Corte<\/li><li>Aresta<\/li><li>Foscagem a Jato de Areia<\/li><\/ul>[\/vc_column][\/vc_row]<\/p>\n<\/div>","protected":false},"excerpt":{"rendered":"<p>[vc_row][vc_column width=&#8221;1\/3&#8243; el_id=&#8221;monolitico&#8221;][vc_single_image image=&#8221;983&#8243; img_size=&#8221;full&#8221;][vc_column_text]Tamb\u00e9m conhecido como vidro float, trata-se de um vidro plano com espessura regular, incolor ou colorido. Pode ser cortado, manufaturado, temperado, pintado, foscado ou aplicado em vidro duplo.[\/vc_column_text][vc_empty_space height=&#8221;10px&#8221;][\/vc_column][vc_column width=&#8221;1\/3&#8243; el_id=&#8221;temperado&#8221;][vc_single_image image=&#8221;970&#8243; img_size=&#8221;full&#8221;][vc_column_text]Vidro sujeito a tratamento&#8230;<\/p>\n","protected":false},"author":1,"featured_media":1154,"parent":0,"menu_order":0,"comment_status":"open","ping_status":"open","template":"","meta":{"footnotes":""},"class_list":["post-918","page","type-page","status-publish","has-post-thumbnail","hentry"],"yoast_head":"<!-- This site is optimized with the Yoast SEO plugin v25.3.1 - https:\/\/yoast.com\/wordpress\/plugins\/seo\/ -->\n<title>Produtos - Envinor - Experi\u00eancia e Equipamento Moderno<\/title>\n<meta name=\"description\" content=\"Produtos Envinor - Contamos com uma grande experi\u00eancia e com o equipamento t\u00e9cnico mais moderno na montagem de vidros e espelhos.\" \/>\n<meta name=\"robots\" content=\"index, follow, max-snippet:-1, max-image-preview:large, max-video-preview:-1\" \/>\n<link rel=\"canonical\" href=\"https:\/\/envinor.com\/?page_id=918\" \/>\n<meta property=\"og:locale\" content=\"pt_PT\" \/>\n<meta property=\"og:type\" content=\"article\" \/>\n<meta property=\"og:title\" content=\"Produtos - Envinor - Experi\u00eancia e Equipamento Moderno\" \/>\n<meta property=\"og:description\" content=\"Produtos Envinor - Contamos com uma grande experi\u00eancia e com o equipamento t\u00e9cnico mais moderno na montagem de vidros e espelhos.\" \/>\n<meta property=\"og:url\" content=\"https:\/\/envinor.com\/?page_id=918\" \/>\n<meta property=\"og:site_name\" content=\"Envinor\" \/>\n<meta property=\"article:modified_time\" content=\"2020-11-18T18:23:48+00:00\" \/>\n<meta property=\"og:image\" content=\"https:\/\/envinor.com\/wp-content\/uploads\/2019\/09\/guarda-vidro-laminado-calhas-telheiro-2-D-338x267-1.jpg\" \/>\n\t<meta property=\"og:image:width\" content=\"338\" \/>\n\t<meta property=\"og:image:height\" content=\"267\" \/>\n\t<meta property=\"og:image:type\" content=\"image\/jpeg\" \/>\n<meta name=\"twitter:card\" content=\"summary_large_image\" \/>\n<meta name=\"twitter:label1\" content=\"Tempo estimado de leitura\" \/>\n\t<meta name=\"twitter:data1\" content=\"7 minutos\" \/>\n<script type=\"application\/ld+json\" class=\"yoast-schema-graph\">{\"@context\":\"https:\/\/schema.org\",\"@graph\":[{\"@type\":\"WebPage\",\"@id\":\"https:\/\/envinor.com\/?page_id=918\",\"url\":\"https:\/\/envinor.com\/?page_id=918\",\"name\":\"Produtos - Envinor - Experi\u00eancia e Equipamento Moderno\",\"isPartOf\":{\"@id\":\"https:\/\/envinor.com\/#website\"},\"primaryImageOfPage\":{\"@id\":\"https:\/\/envinor.com\/?page_id=918#primaryimage\"},\"image\":{\"@id\":\"https:\/\/envinor.com\/?page_id=918#primaryimage\"},\"thumbnailUrl\":\"https:\/\/envinor.com\/wp-content\/uploads\/2019\/09\/guarda-vidro-laminado-calhas-telheiro-2-D-338x267-1.jpg\",\"datePublished\":\"2020-10-09T13:11:46+00:00\",\"dateModified\":\"2020-11-18T18:23:48+00:00\",\"description\":\"Produtos Envinor - Contamos com uma grande experi\u00eancia e com o equipamento t\u00e9cnico mais moderno na montagem de vidros e espelhos.\",\"breadcrumb\":{\"@id\":\"https:\/\/envinor.com\/?page_id=918#breadcrumb\"},\"inLanguage\":\"pt-PT\",\"potentialAction\":[{\"@type\":\"ReadAction\",\"target\":[\"https:\/\/envinor.com\/?page_id=918\"]}]},{\"@type\":\"ImageObject\",\"inLanguage\":\"pt-PT\",\"@id\":\"https:\/\/envinor.com\/?page_id=918#primaryimage\",\"url\":\"https:\/\/envinor.com\/wp-content\/uploads\/2019\/09\/guarda-vidro-laminado-calhas-telheiro-2-D-338x267-1.jpg\",\"contentUrl\":\"https:\/\/envinor.com\/wp-content\/uploads\/2019\/09\/guarda-vidro-laminado-calhas-telheiro-2-D-338x267-1.jpg\",\"width\":338,\"height\":267,\"caption\":\"Produtos - montagem de vidros e espelhos.\"},{\"@type\":\"BreadcrumbList\",\"@id\":\"https:\/\/envinor.com\/?page_id=918#breadcrumb\",\"itemListElement\":[{\"@type\":\"ListItem\",\"position\":1,\"name\":\"In\u00edcio\",\"item\":\"https:\/\/envinor.com\/\"},{\"@type\":\"ListItem\",\"position\":2,\"name\":\"Produtos\"}]},{\"@type\":\"WebSite\",\"@id\":\"https:\/\/envinor.com\/#website\",\"url\":\"https:\/\/envinor.com\/\",\"name\":\"Envinor\",\"description\":\"Empresa de Vidros do Norte\",\"potentialAction\":[{\"@type\":\"SearchAction\",\"target\":{\"@type\":\"EntryPoint\",\"urlTemplate\":\"https:\/\/envinor.com\/?s={search_term_string}\"},\"query-input\":{\"@type\":\"PropertyValueSpecification\",\"valueRequired\":true,\"valueName\":\"search_term_string\"}}],\"inLanguage\":\"pt-PT\"}]}<\/script>\n<!-- \/ Yoast SEO plugin. -->","yoast_head_json":{"title":"Produtos - Envinor - Experi\u00eancia e Equipamento Moderno","description":"Produtos Envinor - Contamos com uma grande experi\u00eancia e com o equipamento t\u00e9cnico mais moderno na montagem de vidros e espelhos.","robots":{"index":"index","follow":"follow","max-snippet":"max-snippet:-1","max-image-preview":"max-image-preview:large","max-video-preview":"max-video-preview:-1"},"canonical":"https:\/\/envinor.com\/?page_id=918","og_locale":"pt_PT","og_type":"article","og_title":"Produtos - Envinor - Experi\u00eancia e Equipamento Moderno","og_description":"Produtos Envinor - Contamos com uma grande experi\u00eancia e com o equipamento t\u00e9cnico mais moderno na montagem de vidros e espelhos.","og_url":"https:\/\/envinor.com\/?page_id=918","og_site_name":"Envinor","article_modified_time":"2020-11-18T18:23:48+00:00","og_image":[{"width":338,"height":267,"url":"https:\/\/envinor.com\/wp-content\/uploads\/2019\/09\/guarda-vidro-laminado-calhas-telheiro-2-D-338x267-1.jpg","type":"image\/jpeg"}],"twitter_card":"summary_large_image","twitter_misc":{"Tempo estimado de leitura":"7 minutos"},"schema":{"@context":"https:\/\/schema.org","@graph":[{"@type":"WebPage","@id":"https:\/\/envinor.com\/?page_id=918","url":"https:\/\/envinor.com\/?page_id=918","name":"Produtos - Envinor - Experi\u00eancia e Equipamento Moderno","isPartOf":{"@id":"https:\/\/envinor.com\/#website"},"primaryImageOfPage":{"@id":"https:\/\/envinor.com\/?page_id=918#primaryimage"},"image":{"@id":"https:\/\/envinor.com\/?page_id=918#primaryimage"},"thumbnailUrl":"https:\/\/envinor.com\/wp-content\/uploads\/2019\/09\/guarda-vidro-laminado-calhas-telheiro-2-D-338x267-1.jpg","datePublished":"2020-10-09T13:11:46+00:00","dateModified":"2020-11-18T18:23:48+00:00","description":"Produtos Envinor - Contamos com uma grande experi\u00eancia e com o equipamento t\u00e9cnico mais moderno na montagem de vidros e espelhos.","breadcrumb":{"@id":"https:\/\/envinor.com\/?page_id=918#breadcrumb"},"inLanguage":"pt-PT","potentialAction":[{"@type":"ReadAction","target":["https:\/\/envinor.com\/?page_id=918"]}]},{"@type":"ImageObject","inLanguage":"pt-PT","@id":"https:\/\/envinor.com\/?page_id=918#primaryimage","url":"https:\/\/envinor.com\/wp-content\/uploads\/2019\/09\/guarda-vidro-laminado-calhas-telheiro-2-D-338x267-1.jpg","contentUrl":"https:\/\/envinor.com\/wp-content\/uploads\/2019\/09\/guarda-vidro-laminado-calhas-telheiro-2-D-338x267-1.jpg","width":338,"height":267,"caption":"Produtos - montagem de vidros e espelhos."},{"@type":"BreadcrumbList","@id":"https:\/\/envinor.com\/?page_id=918#breadcrumb","itemListElement":[{"@type":"ListItem","position":1,"name":"In\u00edcio","item":"https:\/\/envinor.com\/"},{"@type":"ListItem","position":2,"name":"Produtos"}]},{"@type":"WebSite","@id":"https:\/\/envinor.com\/#website","url":"https:\/\/envinor.com\/","name":"Envinor","description":"Empresa de Vidros do Norte","potentialAction":[{"@type":"SearchAction","target":{"@type":"EntryPoint","urlTemplate":"https:\/\/envinor.com\/?s={search_term_string}"},"query-input":{"@type":"PropertyValueSpecification","valueRequired":true,"valueName":"search_term_string"}}],"inLanguage":"pt-PT"}]}},"_links":{"self":[{"href":"https:\/\/envinor.com\/index.php?rest_route=\/wp\/v2\/pages\/918","targetHints":{"allow":["GET"]}}],"collection":[{"href":"https:\/\/envinor.com\/index.php?rest_route=\/wp\/v2\/pages"}],"about":[{"href":"https:\/\/envinor.com\/index.php?rest_route=\/wp\/v2\/types\/page"}],"author":[{"embeddable":true,"href":"https:\/\/envinor.com\/index.php?rest_route=\/wp\/v2\/users\/1"}],"replies":[{"embeddable":true,"href":"https:\/\/envinor.com\/index.php?rest_route=%2Fwp%2Fv2%2Fcomments&post=918"}],"version-history":[{"count":1,"href":"https:\/\/envinor.com\/index.php?rest_route=\/wp\/v2\/pages\/918\/revisions"}],"predecessor-version":[{"id":1322,"href":"https:\/\/envinor.com\/index.php?rest_route=\/wp\/v2\/pages\/918\/revisions\/1322"}],"wp:featuredmedia":[{"embeddable":true,"href":"https:\/\/envinor.com\/index.php?rest_route=\/wp\/v2\/media\/1154"}],"wp:attachment":[{"href":"https:\/\/envinor.com\/index.php?rest_route=%2Fwp%2Fv2%2Fmedia&parent=918"}],"curies":[{"name":"wp","href":"https:\/\/api.w.org\/{rel}","templated":true}]}}