{"id":865,"date":"2020-10-08T11:13:56","date_gmt":"2020-10-08T11:13:56","guid":{"rendered":"https:\/\/envinor.com\/teste\/?page_id=865"},"modified":"2020-11-24T11:06:26","modified_gmt":"2020-11-24T11:06:26","slug":"projetos","status":"publish","type":"page","link":"https:\/\/envinor.com\/?page_id=865","title":{"rendered":"Projetos"},"content":{"rendered":"<div class=\"wpb-content-wrapper\"><p>[vc_row css=&#8221;.vc_custom_1418303236699{margin-top: -75px !important;}&#8221; has_content=&#8221;true&#8221;][vc_column]<ul class='filter style-1'><i style=\"color: #000000;\" class=\"fa fa-filter\"><\/i><li><button style=\"color: #000000;\" data-filter=\"*\">All<\/button><\/li><span style=\"color: #000000;\">\/<\/span><li><button style=\"color: #000000;\" data-filter=\"varandas\">Varandas<\/button><\/li><span style=\"color: #000000;\">\/<\/span><li><button style=\"color: #000000;\" data-filter=\"pavilhoes-industriais\">Pavilh\u00f5es Industriais<\/button><\/li><span style=\"color: #000000;\">\/<\/span><li><button style=\"color: #000000;\" data-filter=\"mobiliario\">Mobili\u00e1rio<\/button><\/li><span style=\"color: #000000;\">\/<\/span><li><button style=\"color: #000000;\" data-filter=\"interior\">Interior<\/button><\/li><span style=\"color: #000000;\">\/<\/span><li><button style=\"color: #000000;\" data-filter=\"habitacao\">Habita\u00e7\u00e3o<\/button><\/li><span style=\"color: #000000;\">\/<\/span><li><button style=\"color: #000000;\" data-filter=\"exterior\">Exterior<\/button><\/li><span style=\"color: #000000;\">\/<\/span><li><button style=\"color: #000000;\" data-filter=\"espacos-comerciais\">Espa\u00e7os Comerciais<\/button><\/li><span style=\"color: #000000;\">\/<\/span><li><button style=\"color: #000000;\" data-filter=\"escritorio\">Escrit\u00f3rio<\/button><\/li><span style=\"color: #000000;\">\/<\/span><li><button style=\"color: #000000;\" data-filter=\"escadas\">Escadas<\/button><\/li><span style=\"color: #000000;\">\/<\/span><li><button style=\"color: #000000;\" data-filter=\"divisorias\">Divis\u00f3rias<\/button><\/li><span style=\"color: #000000;\">\/<\/span><li><button style=\"color: #000000;\" data-filter=\"decoracao\">Decora\u00e7\u00e3o<\/button><\/li><span style=\"color: #000000;\">\/<\/span><li><button style=\"color: #000000;\" data-filter=\"cozinha\">Cozinha<\/button><\/li><span style=\"color: #000000;\">\/<\/span><li><button style=\"color: #000000;\" data-filter=\"casa-de-banho\">Casa de Banho<\/button><\/li><\/ul><ul class='portfolio isotope classic'><li class='isotope-item casa-de-banho habitacao col-xs-6 col-md-3'><article class='inner'><a class='item-hover' href='https:\/\/envinor.com\/?portfolio=espelho-wc'><div class='mask'><\/div><div class='item-info'><div class='headline'><h2>Espelho WC<\/h2><\/div><\/div><\/a><div class='item-img'><img loading=\"lazy\" decoding=\"async\" width=\"360\" height=\"267\" src=\"https:\/\/envinor.com\/wp-content\/uploads\/2024\/02\/espelho-wc-360x267.png\" class=\"attachment-post-thumb attachment-post-thumb size-post-thumb wp-post-image\" alt=\"espelho-wc\" \/><\/div><\/article><\/li><li class='isotope-item cozinha habitacao col-xs-6 col-md-3'><article class='inner'><a class='item-hover' href='https:\/\/envinor.com\/?portfolio=cozinha-em-vidro-extraclaro-lacado-a-cinza'><div class='mask'><\/div><div class='item-info'><div class='headline'><h2>Cozinha em vidro extraclaro lacado a cinza<\/h2><\/div><\/div><\/a><div class='item-img'><img loading=\"lazy\" decoding=\"async\" width=\"360\" height=\"267\" src=\"https:\/\/envinor.com\/wp-content\/uploads\/2024\/02\/Cozinha-em-vidro-extraclaro-lacado-a-cinza-360x267.png\" class=\"attachment-post-thumb attachment-post-thumb size-post-thumb wp-post-image\" alt=\"Cozinha em vidro extraclaro lacado a cinza\" \/><\/div><\/article><\/li><li class='isotope-item divisorias escadas interior col-xs-6 col-md-3'><article class='inner'><a class='item-hover' href='https:\/\/envinor.com\/?portfolio=divisoria-porta-escada-vidro-temperado-gris'><div class='mask'><\/div><div class='item-info'><div class='headline'><h2>Divis\u00f3ria + Portas + Escadas interiores em vidro temperado gris<\/h2><\/div><\/div><\/a><div class='item-img'><img src='https:\/\/envinor.com\/wp-content\/uploads\/2024\/01\/divisoria-interior-vidro-gris-360x267.png' \/><\/div><\/article><\/li><li class='isotope-item exterior habitacao varandas col-xs-6 col-md-3'><article class='inner'><a class='item-hover' href='https:\/\/envinor.com\/?portfolio=guarda-de-varanda-em-vidro-temperado-gris'><div class='mask'><\/div><div class='item-info'><div class='headline'><h2>Guarda de varanda em vidro temperado gris<\/h2><\/div><\/div><\/a><div class='item-img'><img loading=\"lazy\" decoding=\"async\" width=\"360\" height=\"267\" src=\"https:\/\/envinor.com\/wp-content\/uploads\/2024\/01\/guarda-varanda-vidro-temperado-gris-1-360x267.png\" class=\"attachment-post-thumb attachment-post-thumb size-post-thumb wp-post-image\" alt=\"guarda varanda vidro temperado gris 1\" \/><\/div><\/article><\/li><li class='isotope-item escadas habitacao interior col-xs-6 col-md-3'><article class='inner'><a class='item-hover' href='https:\/\/envinor.com\/?portfolio=guarda-de-escada-em-vidro-temperado-incolor'><div class='mask'><\/div><div class='item-info'><div class='headline'><h2>Guarda de escada em vidro temperado incolor<\/h2><\/div><\/div><\/a><div class='item-img'><img src='https:\/\/envinor.com\/wp-content\/uploads\/2024\/01\/escadas-vidro-temperado-botoes-afastadores-1-360x267.png' \/><\/div><\/article><\/li><li class='isotope-item espacos-comerciais col-xs-6 col-md-3'><article class='inner'><a class='item-hover' href='https:\/\/envinor.com\/?portfolio=quiosque-em-vidro-temperado-laminado'><div class='mask'><\/div><div class='item-info'><div class='headline'><h2>Quiosque em vidro temperado\/laminado<\/h2><\/div><\/div><\/a><div class='item-img'><img loading=\"lazy\" decoding=\"async\" width=\"360\" height=\"267\" src=\"https:\/\/envinor.com\/wp-content\/uploads\/2024\/01\/Novo-Projeto7-360x267.png\" class=\"attachment-post-thumb attachment-post-thumb size-post-thumb wp-post-image\" alt=\"quiosque vidro temperado laminado 1\" \/><\/div><\/article><\/li><li class='isotope-item espacos-comerciais col-xs-6 col-md-3'><article class='inner'><a class='item-hover' href='https:\/\/envinor.com\/?portfolio=piso-em-vidro-temperado-laminado'><div class='mask'><\/div><div class='item-info'><div class='headline'><h2>Piso em vidro temperado laminado<\/h2><\/div><\/div><\/a><div class='item-img'><img loading=\"lazy\" decoding=\"async\" width=\"360\" height=\"267\" src=\"https:\/\/envinor.com\/wp-content\/uploads\/2024\/01\/piso-vidro-laminado-temperado-1-360x267.png\" class=\"attachment-post-thumb attachment-post-thumb size-post-thumb wp-post-image\" alt=\"piso em vidro laminado temperado\" \/><\/div><\/article><\/li><li class='isotope-item casa-de-banho decoracao habitacao col-xs-6 col-md-3'><article class='inner'><a class='item-hover' href='https:\/\/envinor.com\/?portfolio=resguardo-de-duche-com-sistema-de-abrir-em-fole'><div class='mask'><\/div><div class='item-info'><div class='headline'><h2>Resguardo de duche com sistema de abrir em fole<\/h2><\/div><\/div><\/a><div class='item-img'><img loading=\"lazy\" decoding=\"async\" width=\"360\" height=\"267\" src=\"https:\/\/envinor.com\/wp-content\/uploads\/2021\/09\/resguardo-fole-vidro-temperado-site-1-360x267.png\" class=\"attachment-post-thumb attachment-post-thumb size-post-thumb wp-post-image\" alt=\"resguardo fole vidro temperado site 1\" \/><\/div><\/article><\/li><li class='isotope-item exterior habitacao varandas col-xs-6 col-md-3'><article class='inner'><a class='item-hover' href='https:\/\/envinor.com\/?portfolio=guardas-de-varanda-em-vidro-temperado-incolor-com-prumos-de-fixacao'><div class='mask'><\/div><div class='item-info'><div class='headline'><h2>Guardas de varanda em vidro temperado incolor com prumos de fixa\u00e7\u00e3o<\/h2><\/div><\/div><\/a><div class='item-img'><img loading=\"lazy\" decoding=\"async\" width=\"360\" height=\"267\" src=\"https:\/\/envinor.com\/wp-content\/uploads\/2021\/06\/guarda-varanda-vidro-temperado-prumos-360x267.png\" class=\"attachment-post-thumb attachment-post-thumb size-post-thumb wp-post-image\" alt=\"guarda varanda vidro temperado prumos\" \/><\/div><\/article><\/li><li class='isotope-item cozinha habitacao col-xs-6 col-md-3'><article class='inner'><a class='item-hover' href='https:\/\/envinor.com\/?portfolio=parede-de-cozinha-em-vidro-extraclaro-lacado-azul'><div class='mask'><\/div><div class='item-info'><div class='headline'><h2>Parede de cozinha em vidro extraclaro lacado azul<\/h2><\/div><\/div><\/a><div class='item-img'><img loading=\"lazy\" decoding=\"async\" width=\"360\" height=\"267\" src=\"https:\/\/envinor.com\/wp-content\/uploads\/2021\/06\/parede-entre-moveis-cozinha-revestida-vidro-extraclaro-lacado-azul1-360x267.png\" class=\"attachment-post-thumb attachment-post-thumb size-post-thumb wp-post-image\" alt=\"parede entre m\u00f3veis cozinha revestida vidro extraclaro lacado azul\" \/><\/div><\/article><\/li><li class='isotope-item cozinha habitacao interior col-xs-6 col-md-3'><article class='inner'><a class='item-hover' href='https:\/\/envinor.com\/?portfolio=porta-de-correr-para-cozinha-em-vidro-temperado-fosco-8-mm'><div class='mask'><\/div><div class='item-info'><div class='headline'><h2>Porta de correr para cozinha em vidro temperado fosco 8 mm<\/h2><\/div><\/div><\/a><div class='item-img'><img loading=\"lazy\" decoding=\"async\" width=\"360\" height=\"267\" src=\"https:\/\/envinor.com\/wp-content\/uploads\/2021\/05\/porta-correr-vidro-temperado-fosco-cozinha-1-360x267.png\" class=\"attachment-post-thumb attachment-post-thumb size-post-thumb wp-post-image\" alt=\"porta correr vidro temperado fosco cozinha 1\" \/><\/div><\/article><\/li><li class='isotope-item habitacao interior col-xs-6 col-md-3'><article class='inner'><a class='item-hover' href='https:\/\/envinor.com\/?portfolio=guarda-de-escadas-em-vidro-temperado-incolor-2-pisos'><div class='mask'><\/div><div class='item-info'><div class='headline'><h2>Guarda de escada em vidro temperado incolor (2 pisos)<\/h2><\/div><\/div><\/a><div class='item-img'><img loading=\"lazy\" decoding=\"async\" width=\"360\" height=\"267\" src=\"https:\/\/envinor.com\/wp-content\/uploads\/2021\/05\/Guarda-Varanda-vidro-temperado-incolor-botoes-e-afastadores-1-360x267.png\" class=\"attachment-post-thumb attachment-post-thumb size-post-thumb wp-post-image\" alt=\"Guarda Varanda vidro temperado incolor bot\u00f5es e afastadores 1\" \/><\/div><\/article><\/li><li class='isotope-item casa-de-banho decoracao habitacao col-xs-6 col-md-3'><article class='inner'><a class='item-hover' href='https:\/\/envinor.com\/?portfolio=espelho-wc-chapa-lacada-preto'><div class='mask'><\/div><div class='item-info'><div class='headline'><h2>Espelho para WC fixo em chapa lacada a preto<\/h2><\/div><\/div><\/a><div class='item-img'><img loading=\"lazy\" decoding=\"async\" width=\"360\" height=\"267\" src=\"https:\/\/envinor.com\/wp-content\/uploads\/2021\/01\/espelho-wc-detalhe-preto-360x267.png\" class=\"attachment-post-thumb attachment-post-thumb size-post-thumb wp-post-image\" alt=\"Espelho para WC fixo em chapa lacada a preto\" \/><\/div><\/article><\/li><li class='isotope-item casa-de-banho decoracao habitacao col-xs-6 col-md-3'><article class='inner'><a class='item-hover' href='https:\/\/envinor.com\/?portfolio=resguardo-duche-com-vidro-fixo-perfil-lacado-a-preto'><div class='mask'><\/div><div class='item-info'><div class='headline'><h2>Resguardo de duche com vidro fixo e perfil lacado a preto<\/h2><\/div><\/div><\/a><div class='item-img'><img loading=\"lazy\" decoding=\"async\" width=\"360\" height=\"267\" src=\"https:\/\/envinor.com\/wp-content\/uploads\/2021\/01\/resguardo-banheira-duche-perfil-preto-360x267.png\" class=\"attachment-post-thumb attachment-post-thumb size-post-thumb wp-post-image\" alt=\"resguardo banheira duche perfil preto\" \/><\/div><\/article><\/li><li class='isotope-item casa-de-banho decoracao habitacao col-xs-6 col-md-3'><article class='inner'><a class='item-hover' href='https:\/\/envinor.com\/?portfolio=espelhos-para-wc-com-iluminacao-led'><div class='mask'><\/div><div class='item-info'><div class='headline'><h2>Espelhos para WC com ilumina\u00e7\u00e3o LED<\/h2><\/div><\/div><\/a><div class='item-img'><img loading=\"lazy\" decoding=\"async\" width=\"360\" height=\"267\" src=\"https:\/\/envinor.com\/wp-content\/uploads\/2017\/06\/espelho-wc-led-360x267.png\" class=\"attachment-post-thumb attachment-post-thumb size-post-thumb wp-post-image\" alt=\"espelho wc led\" \/><\/div><\/article><\/li><li class='isotope-item exterior habitacao varandas col-xs-6 col-md-3'><article class='inner'><a class='item-hover' href='https:\/\/envinor.com\/?portfolio=protecao-de-varanda-com-portas-de-correr'><div class='mask'><\/div><div class='item-info'><div class='headline'><h2>Prote\u00e7\u00e3o de varanda com portas de correr<\/h2><\/div><\/div><\/a><div class='item-img'><img loading=\"lazy\" decoding=\"async\" width=\"360\" height=\"267\" src=\"https:\/\/envinor.com\/wp-content\/uploads\/2021\/01\/PROTECAO-DE-VARANDA-VIDRO-TEMPERADO-SISTEMA-CORRER-2-PORTAS-E-2-FIXOS-COM-FECHADURA-1-D-360x267.jpg\" class=\"attachment-post-thumb attachment-post-thumb size-post-thumb wp-post-image\" alt=\"PROTECAO-DE-VARANDA-VIDRO-TEMPERADO-SISTEMA-CORRER\" \/><\/div><\/article><\/li><li class='isotope-item exterior habitacao varandas col-xs-6 col-md-3'><article class='inner'><a class='item-hover' href='https:\/\/envinor.com\/?portfolio=guardas-exteriores-em-vidro'><div class='mask'><\/div><div class='item-info'><div class='headline'><h2>Guardas exteriores em vidro<\/h2><\/div><\/div><\/a><div class='item-img'><img loading=\"lazy\" decoding=\"async\" width=\"360\" height=\"267\" src=\"https:\/\/envinor.com\/wp-content\/uploads\/2021\/01\/guardas-vidro-10mm-incolor-temperado-com-botoes-e-afastadores-de-fixacao-Moreira-da-Maia-4-360x267.png\" class=\"attachment-post-thumb attachment-post-thumb size-post-thumb wp-post-image\" alt=\"guardas vidro 10mm incolor temperado com botoes e afastadores de fixacao - Moreira da Maia (4)\" \/><\/div><\/article><\/li><li class='isotope-item divisorias habitacao interior col-xs-6 col-md-3'><article class='inner'><a class='item-hover' href='https:\/\/envinor.com\/?portfolio=divisoria-vidro-incolor-para-biombo'><div class='mask'><\/div><div class='item-info'><div class='headline'><h2>Divis\u00f3ria em vidro incolor para guichet<\/h2><\/div><\/div><\/a><div class='item-img'><img loading=\"lazy\" decoding=\"async\" width=\"360\" height=\"267\" src=\"https:\/\/envinor.com\/wp-content\/uploads\/2021\/01\/divisoria-vidro-incolor-biombo-guichet-3-360x267.png\" class=\"attachment-post-thumb attachment-post-thumb size-post-thumb wp-post-image\" alt=\"divis\u00f3ria vidro incolor biombo guichet\" \/><\/div><\/article><\/li><li class='isotope-item decoracao escritorio habitacao mobiliario col-xs-6 col-md-3'><article class='inner'><a class='item-hover' href='https:\/\/envinor.com\/?portfolio=base-em-espelho-para-decoracao'><div class='mask'><\/div><div class='item-info'><div class='headline'><h2>Base em espelho para decora\u00e7\u00e3o<\/h2><\/div><\/div><\/a><div class='item-img'><img loading=\"lazy\" decoding=\"async\" width=\"360\" height=\"267\" src=\"https:\/\/envinor.com\/wp-content\/uploads\/2020\/11\/base-em-espelho-redonda-decoracao-360x267.png\" class=\"attachment-post-thumb attachment-post-thumb size-post-thumb wp-post-image\" alt=\"base em espelho redonda decora\u00e7\u00e3o\" \/><\/div><\/article><\/li><li class='isotope-item espacos-comerciais col-xs-6 col-md-3'><article class='inner'><a class='item-hover' href='https:\/\/envinor.com\/?portfolio=vitrine-loja-vidro-fechadura'><div class='mask'><\/div><div class='item-info'><div class='headline'><h2>Vitrine de loja em vidro com fechadura<\/h2><\/div><\/div><\/a><div class='item-img'><img loading=\"lazy\" decoding=\"async\" width=\"360\" height=\"267\" src=\"https:\/\/envinor.com\/wp-content\/uploads\/2020\/11\/vitrine-loja-fechadura-vidro-temperado-incolor-8-mm-360x267.png\" class=\"attachment-post-thumb attachment-post-thumb size-post-thumb wp-post-image\" alt=\"vitrine loja fechadura vidro temperado incolor 8 mm\" \/><\/div><\/article><\/li><li class='isotope-item exterior habitacao col-xs-6 col-md-3'><article class='inner'><a class='item-hover' href='https:\/\/envinor.com\/?portfolio=pala-em-vidro-para-protecao-contra-chuva'><div class='mask'><\/div><div class='item-info'><div class='headline'><h2>Pala em vidro para prote\u00e7\u00e3o contra a chuva<\/h2><\/div><\/div><\/a><div class='item-img'><img loading=\"lazy\" decoding=\"async\" width=\"360\" height=\"267\" src=\"https:\/\/envinor.com\/wp-content\/uploads\/2020\/11\/pala-vidro-laminado-temperado-dim-360x267.jpg\" class=\"attachment-post-thumb attachment-post-thumb size-post-thumb wp-post-image\" alt=\"Pala em vidro para coloca\u00e7\u00e3o sobre portas exteriores. Para prote\u00e7\u00e3o contra a chuva.\" \/><\/div><\/article><\/li><li class='isotope-item exterior habitacao varandas col-xs-6 col-md-3'><article class='inner'><a class='item-hover' href='https:\/\/envinor.com\/?portfolio=guarda-de-varanda-em-vidro-incolor-com-calha-de-fixacao-lacada-preto'><div class='mask'><\/div><div class='item-info'><div class='headline'><h2>Guarda de varanda em vidro incolor calha de fixa\u00e7\u00e3o lacada a preto<\/h2><\/div><\/div><\/a><div class='item-img'><img loading=\"lazy\" decoding=\"async\" width=\"360\" height=\"267\" src=\"https:\/\/envinor.com\/wp-content\/uploads\/2020\/11\/GUARDA-VARANDA-VIDRO-6.6MM-INCOLOR-LAMINADO-CALHA-INFERIOR-DE-FIXACAO-ALUMINIO-LACAGEM-200-SABLE-NOIR-2-D-360x267.jpg\" class=\"attachment-post-thumb attachment-post-thumb size-post-thumb wp-post-image\" alt=\"guarda varanda vidro incolor laminado calha lacada sable noir 900\" \/><\/div><\/article><\/li><li class='isotope-item exterior habitacao varandas col-xs-6 col-md-3'><article class='inner'><a class='item-hover' href='https:\/\/envinor.com\/?portfolio=guarda-de-varanda-em-vidro-incolor-com-calha-de-fixacao'><div class='mask'><\/div><div class='item-info'><div class='headline'><h2>Guarda de varanda em vidro incolor com calha de fixa\u00e7\u00e3o<\/h2><\/div><\/div><\/a><div class='item-img'><img loading=\"lazy\" decoding=\"async\" width=\"360\" height=\"267\" src=\"https:\/\/envinor.com\/wp-content\/uploads\/2020\/11\/varanda-calha-vidro-laminado-incolor-colagem-leca-dim-360x267.jpg\" class=\"attachment-post-thumb attachment-post-thumb size-post-thumb wp-post-image\" alt=\"guarda varanda vidro incolor calha fixa\u00e7\u00e3o inferior\" \/><\/div><\/article><\/li><li class='isotope-item habitacao interior col-xs-6 col-md-3'><article class='inner'><a class='item-hover' href='https:\/\/envinor.com\/?portfolio=guarda-escadas-vidro-temperado-incolor'><div class='mask'><\/div><div class='item-info'><div class='headline'><h2>Guarda de escadas em vidro temperado incolor<\/h2><\/div><\/div><\/a><div class='item-img'><img loading=\"lazy\" decoding=\"async\" width=\"360\" height=\"267\" src=\"https:\/\/envinor.com\/wp-content\/uploads\/2020\/11\/vao-escadas-vidro-incolor-botao-fixacao-centro-porto-4-360x267.jpg\" class=\"attachment-post-thumb attachment-post-thumb size-post-thumb wp-post-image\" alt=\"guarda escadas vidro temperado incolor\" \/><\/div><\/article><\/li><li class='isotope-item divisorias habitacao interior col-xs-6 col-md-3'><article class='inner'><a class='item-hover' href='https:\/\/envinor.com\/?portfolio=divisoria-porta-em-vidro-incolor-com-mola-pavimento'><div class='mask'><\/div><div class='item-info'><div class='headline'><h2>Divis\u00f3ria + porta em vidro incolor com mola de pavimento<\/h2><\/div><\/div><\/a><div class='item-img'><img loading=\"lazy\" decoding=\"async\" width=\"360\" height=\"267\" src=\"https:\/\/envinor.com\/wp-content\/uploads\/2020\/11\/divisorias-escritorios-vidro-incolor-mola-pavimento-360x267.jpg\" class=\"attachment-post-thumb attachment-post-thumb size-post-thumb wp-post-image\" alt=\"divisorias escritorios vidro incolor mola pavimento\" \/><\/div><\/article><\/li><li class='isotope-item divisorias habitacao interior col-xs-6 col-md-3'><article class='inner'><a class='item-hover' href='https:\/\/envinor.com\/?portfolio=divisoria-porta-em-vidro-fosco-com-sistema-pivotante'><div class='mask'><\/div><div class='item-info'><div class='headline'><h2>Divis\u00f3ria + porta em vidro fosco com sistema pivotante<\/h2><\/div><\/div><\/a><div class='item-img'><img loading=\"lazy\" decoding=\"async\" width=\"360\" height=\"267\" src=\"https:\/\/envinor.com\/wp-content\/uploads\/2020\/11\/divisoria-vidro-temperado-fosco-sistema-pivotante-360x267.jpg\" class=\"attachment-post-thumb attachment-post-thumb size-post-thumb wp-post-image\" alt=\"divis\u00f3ria vidro temperado fosco sistema pivotante\" \/><\/div><\/article><\/li><li class='isotope-item divisorias habitacao interior col-xs-6 col-md-3'><article class='inner'><a class='item-hover' href='https:\/\/envinor.com\/?portfolio=divisoria-porta-em-vidro-incolor-com-sistema-pivotante'><div class='mask'><\/div><div class='item-info'><div class='headline'><h2>Divis\u00f3ria + porta em vidro incolor com sistema pivotante<\/h2><\/div><\/div><\/a><div class='item-img'><img loading=\"lazy\" decoding=\"async\" width=\"360\" height=\"267\" src=\"https:\/\/envinor.com\/wp-content\/uploads\/2020\/11\/ENTRADA-WC-PORTA-PIVOTANTE-VIDRO-INCOLOR-TEMPERADO-PUXADOR-MULETA-SIMPLES-FIXOS-COM-CALHA-U-2-360x267.jpg\" class=\"attachment-post-thumb attachment-post-thumb size-post-thumb wp-post-image\" alt=\"divis\u00f3ria interior em vidro incolor com porta sistema pivotante\" \/><\/div><\/article><\/li><li class='isotope-item habitacao interior col-xs-6 col-md-3'><article class='inner'><a class='item-hover' href='https:\/\/envinor.com\/?portfolio=porta-interior-de-correr-em-vidro-temperado-gris10-mm'><div class='mask'><\/div><div class='item-info'><div class='headline'><h2>Porta interior de correr em vidro temperado gris 10 mm<\/h2><\/div><\/div><\/a><div class='item-img'><img loading=\"lazy\" decoding=\"async\" width=\"360\" height=\"267\" src=\"https:\/\/envinor.com\/wp-content\/uploads\/2020\/11\/Portas-correr-vidro-temperado-gris-10mm-calha-aluminio-fixacao-lateral-360x267.jpg\" class=\"attachment-post-thumb attachment-post-thumb size-post-thumb wp-post-image\" alt=\"Portas correr vidro temperado gris 10mm calha aluminio fixacao lateral\" \/><\/div><\/article><\/li><li class='isotope-item casa-de-banho habitacao col-xs-6 col-md-3'><article class='inner'><a class='item-hover' href='https:\/\/envinor.com\/?portfolio=resguardo-de-duche-com-portas-de-correr-em-vidro-paris'><div class='mask'><\/div><div class='item-info'><div class='headline'><h2>Resguardo de duche com portas de correr em vidro &#8211; Paris<\/h2><\/div><\/div><\/a><div class='item-img'><img loading=\"lazy\" decoding=\"async\" width=\"360\" height=\"267\" src=\"https:\/\/envinor.com\/wp-content\/uploads\/2020\/11\/resguardo-banheira-duche-2-fixo-2-portas-correr-vidro-360x267.jpg\" class=\"attachment-post-thumb attachment-post-thumb size-post-thumb wp-post-image\" alt=\"resguardo banheira duche 2 fixo 2 portas correr vidro\" \/><\/div><\/article><\/li><li class='isotope-item casa-de-banho habitacao col-xs-6 col-md-3'><article class='inner'><a class='item-hover' href='https:\/\/envinor.com\/?portfolio=resguardo-de-duche-porta-correr-vidro-toquio'><div class='mask'><\/div><div class='item-info'><div class='headline'><h2>Resguardo de duche com porta de correr em vidro &#8211; T\u00f3quio<\/h2><\/div><\/div><\/a><div class='item-img'><img loading=\"lazy\" decoding=\"async\" width=\"360\" height=\"267\" src=\"https:\/\/envinor.com\/wp-content\/uploads\/2020\/11\/resguardo-banheira-duche-2-fixo-1-porta-correr-vidro.-360x267.jpg\" class=\"attachment-post-thumb attachment-post-thumb size-post-thumb wp-post-image\" alt=\"resguardo frontal banheira duche 2 fixo 1 porta correr vidro\" \/><\/div><\/article><\/li><li class='isotope-item casa-de-banho habitacao col-xs-6 col-md-3'><article class='inner'><a class='item-hover' href='https:\/\/envinor.com\/?portfolio=resguardo-de-duche-porta-correr-vidro-cairo'><div class='mask'><\/div><div class='item-info'><div class='headline'><h2>Resguardo de duche com porta de correr em vidro &#8211; Cairo<\/h2><\/div><\/div><\/a><div class='item-img'><img loading=\"lazy\" decoding=\"async\" width=\"360\" height=\"267\" src=\"https:\/\/envinor.com\/wp-content\/uploads\/2020\/11\/resguardo-banheira-duche-1-fixo-1-porta-correr-vidro-360x267.jpg\" class=\"attachment-post-thumb attachment-post-thumb size-post-thumb wp-post-image\" alt=\"resguardo banheira duche 1 fixo 1 porta correr vidro\" \/><\/div><\/article><\/li><li class='isotope-item casa-de-banho habitacao col-xs-6 col-md-3'><article class='inner'><a class='item-hover' href='https:\/\/envinor.com\/?portfolio=resguardo-de-duche-com-2-portas-de-abrir-em-vidro-roma'><div class='mask'><\/div><div class='item-info'><div class='headline'><h2>Resguardo de duche com 2 portas de abrir em vidro &#8211; Roma<\/h2><\/div><\/div><\/a><div class='item-img'><img loading=\"lazy\" decoding=\"async\" width=\"360\" height=\"267\" src=\"https:\/\/envinor.com\/wp-content\/uploads\/2020\/11\/resguardo-frontal-banheira-duche-2-portas-abrir-vidro-temperado-360x267.png\" class=\"attachment-post-thumb attachment-post-thumb size-post-thumb wp-post-image\" alt=\"resguardo frontal banheira duche 2 portas abrir vidro temperado\" \/><\/div><\/article><\/li><li class='isotope-item casa-de-banho habitacao col-xs-6 col-md-3'><article class='inner'><a class='item-hover' href='https:\/\/envinor.com\/?portfolio=resguardo-de-duche-2-portas-abrir-vidro-atenas'><div class='mask'><\/div><div class='item-info'><div class='headline'><h2>Resguardo de duche com 2 portas de abrir em vidro &#8211; Atenas<\/h2><\/div><\/div><\/a><div class='item-img'><img loading=\"lazy\" decoding=\"async\" width=\"360\" height=\"267\" src=\"https:\/\/envinor.com\/wp-content\/uploads\/2020\/11\/resguardo-frontal-wc-vidro-temperado-incolor-portas-e-fixos-dobradicas-entre-vidros-360x267.png\" class=\"attachment-post-thumb attachment-post-thumb size-post-thumb wp-post-image\" alt=\"resguardo frontal wc vidro temperado incolor portas e fixos dobradi\u00e7as entre vidros\" \/><\/div><\/article><\/li><li class='isotope-item casa-de-banho habitacao col-xs-6 col-md-3'><article class='inner'><a class='item-hover' href='https:\/\/envinor.com\/?portfolio=resguardo-de-banheira-duche-porta-abrir-vidro-moscovo'><div class='mask'><\/div><div class='item-info'><div class='headline'><h2>Resguardo de duche com porta de abrir em vidro &#8211; Moscovo<\/h2><\/div><\/div><\/a><div class='item-img'><img loading=\"lazy\" decoding=\"async\" width=\"360\" height=\"267\" src=\"https:\/\/envinor.com\/wp-content\/uploads\/2020\/11\/resguardo-banheira-duche-2-vidros-fixos-1-porta-abrir-vidro-temperado-360x267.jpg\" class=\"attachment-post-thumb attachment-post-thumb size-post-thumb wp-post-image\" alt=\"resguardo frontal banheira duche 2 vidros fixos 1 porta abrir vidro temperado\" \/><\/div><\/article><\/li><li class='isotope-item casa-de-banho habitacao col-xs-6 col-md-3'><article class='inner'><a class='item-hover' href='https:\/\/envinor.com\/?portfolio=resguardo-de-duche-porta-de-abrir-vidro-sofia'><div class='mask'><\/div><div class='item-info'><div class='headline'><h2>Resguardo de duche com porta de abrir em vidro &#8211; Sofia<\/h2><\/div><\/div><\/a><div class='item-img'><img loading=\"lazy\" decoding=\"async\" width=\"360\" height=\"267\" src=\"https:\/\/envinor.com\/wp-content\/uploads\/2020\/11\/resguardo-frontal-de-banheira-duche-vidro-fixo-e-porta-abrir-360x267.jpg\" class=\"attachment-post-thumb attachment-post-thumb size-post-thumb wp-post-image\" alt=\"resguardo frontal de banheira duche vidro fixo e porta abrir\" \/><\/div><\/article><\/li><li class='isotope-item casa-de-banho habitacao col-xs-6 col-md-3'><article class='inner'><a class='item-hover' href='https:\/\/envinor.com\/?portfolio=resguardo-de-duche-porta-abrir-vidro-viena'><div class='mask'><\/div><div class='item-info'><div class='headline'><h2>Resguardo de duche com porta de abrir em vidro &#8211; Viena<\/h2><\/div><\/div><\/a><div class='item-img'><img loading=\"lazy\" decoding=\"async\" width=\"360\" height=\"267\" src=\"https:\/\/envinor.com\/wp-content\/uploads\/2020\/11\/resguardo-banheira-porta-abrir-dobradicas-vidro-temperado-incolor-D-360x267.jpg\" class=\"attachment-post-thumb attachment-post-thumb size-post-thumb wp-post-image\" alt=\"resguardo frontal de banheira duche vidro porta abrir\" \/><\/div><\/article><\/li><li class='isotope-item casa-de-banho habitacao col-xs-6 col-md-3'><article class='inner'><a class='item-hover' href='https:\/\/envinor.com\/?portfolio=resguardo-de-duche-em-vidro-fixo-oslo'><div class='mask'><\/div><div class='item-info'><div class='headline'><h2>Resguardo de duche em vidro fixo &#8211; Oslo<\/h2><\/div><\/div><\/a><div class='item-img'><img loading=\"lazy\" decoding=\"async\" width=\"360\" height=\"267\" src=\"https:\/\/envinor.com\/wp-content\/uploads\/2020\/11\/resguardo-frontal-de-banheira-duche-vidro-fixo-temperado-oslo-360x267.png\" class=\"attachment-post-thumb attachment-post-thumb size-post-thumb wp-post-image\" alt=\"resguardo frontal de banheira duche vidro fixo temperado oslo\" \/><\/div><\/article><\/li><li class='isotope-item casa-de-banho habitacao col-xs-6 col-md-3'><article class='inner'><a class='item-hover' href='https:\/\/envinor.com\/?portfolio=resguardo-de-duche-em-vidro-fixo-londres'><div class='mask'><\/div><div class='item-info'><div class='headline'><h2>Resguardo de duche em vidro fixo &#8211; Londres<\/h2><\/div><\/div><\/a><div class='item-img'><img loading=\"lazy\" decoding=\"async\" width=\"360\" height=\"267\" src=\"https:\/\/envinor.com\/wp-content\/uploads\/2020\/11\/ESPELH1-360x267.jpg\" class=\"attachment-post-thumb attachment-post-thumb size-post-thumb wp-post-image\" alt=\"resguardo frontal de banheira duche em vidro fixo temperado\" \/><\/div><\/article><\/li><li class='isotope-item casa-de-banho habitacao col-xs-6 col-md-3'><article class='inner'><a class='item-hover' href='https:\/\/envinor.com\/?portfolio=resguardo-duche-vidro-fixo-berlim'><div class='mask'><\/div><div class='item-info'><div class='headline'><h2>Resguardo de duche em vidro fixo &#8211; Berlim<\/h2><\/div><\/div><\/a><div class='item-img'><img loading=\"lazy\" decoding=\"async\" width=\"360\" height=\"267\" src=\"https:\/\/envinor.com\/wp-content\/uploads\/2020\/11\/resguardo-duche-vidro-fixo-com-pecas-e-extensivel-obra-musqueira-360x267.jpg\" class=\"attachment-post-thumb attachment-post-thumb size-post-thumb wp-post-image\" alt=\"resguardo frontal de banheira duche vidro fixo temperado\" \/><\/div><\/article><\/li><li class='isotope-item escritorio habitacao col-xs-6 col-md-3'><article class='inner'><a class='item-hover' href='https:\/\/envinor.com\/?portfolio=tampo-em-vidro-temperado-mesa-escritorio'><div class='mask'><\/div><div class='item-info'><div class='headline'><h2>Tampo em vidro temperado para mesa de escrit\u00f3rio<\/h2><\/div><\/div><\/a><div class='item-img'><img loading=\"lazy\" decoding=\"async\" width=\"360\" height=\"267\" src=\"https:\/\/envinor.com\/wp-content\/uploads\/2014\/12\/2tampo-mesa-vidro-incolor-temperado-Ana-Pinheiro-D-360x267.jpg\" class=\"attachment-post-thumb attachment-post-thumb size-post-thumb wp-post-image\" alt=\"\" \/><\/div><\/article><\/li><li class='isotope-item casa-de-banho habitacao col-xs-6 col-md-3'><article class='inner'><a class='item-hover' href='https:\/\/envinor.com\/?portfolio=resguardo-de-duche-em-vidro'><div class='mask'><\/div><div class='item-info'><div class='headline'><h2>Resguardo de duche em vidro<\/h2><\/div><\/div><\/a><div class='item-img'><img loading=\"lazy\" decoding=\"async\" width=\"360\" height=\"267\" src=\"https:\/\/envinor.com\/wp-content\/uploads\/2020\/10\/duche-correr-2-fixos-porta-em-L-obra-RVCASTELO-D-360x267.jpg\" class=\"attachment-post-thumb attachment-post-thumb size-post-thumb wp-post-image\" alt=\"\" \/><\/div><\/article><\/li><li class='isotope-item escritorio habitacao col-xs-6 col-md-3'><article class='inner'><a class='item-hover' href='https:\/\/envinor.com\/?portfolio=guardas-de-escadas-em-vidro'><div class='mask'><\/div><div class='item-info'><div class='headline'><h2>Guardas de escadas em vidro<\/h2><\/div><\/div><\/a><div class='item-img'><img loading=\"lazy\" decoding=\"async\" width=\"360\" height=\"267\" src=\"https:\/\/envinor.com\/wp-content\/uploads\/2020\/10\/GUARDA-ESCADAS-VIDRO-10MM-INCOLOR-TEMPERADO-MINDELO-2-1-D-360x267.jpg\" class=\"attachment-post-thumb attachment-post-thumb size-post-thumb wp-post-image\" alt=\"\" \/><\/div><\/article><\/li><li class='isotope-item divisorias escritorio habitacao col-xs-6 col-md-3'><article class='inner'><a class='item-hover' href='https:\/\/envinor.com\/?portfolio=divisoria-em-vidro-bronze'><div class='mask'><\/div><div class='item-info'><div class='headline'><h2>Divis\u00f3ria em vidro bronze<\/h2><\/div><\/div><\/a><div class='item-img'><img loading=\"lazy\" decoding=\"async\" width=\"360\" height=\"267\" src=\"https:\/\/envinor.com\/wp-content\/uploads\/2020\/10\/porta-correr-vidro-bronze-puxador-fechadura-casa-1-D-360x267.jpg\" class=\"attachment-post-thumb attachment-post-thumb size-post-thumb wp-post-image\" alt=\"\" \/><\/div><\/article><\/li><li class='isotope-item habitacao col-xs-6 col-md-3'><article class='inner'><a class='item-hover' href='https:\/\/envinor.com\/?portfolio=guarda-de-escadas-em-vidro'><div class='mask'><\/div><div class='item-info'><div class='headline'><h2>Guarda de escadas em vidro<\/h2><\/div><\/div><\/a><div class='item-img'><img loading=\"lazy\" decoding=\"async\" width=\"360\" height=\"267\" src=\"https:\/\/envinor.com\/wp-content\/uploads\/2020\/10\/GUARDA-ESCADAS-EM-VIDRO-10MM-INCOLOR-TEMPERADO-MINDELO-1-2-D-360x267.jpg\" class=\"attachment-post-thumb attachment-post-thumb size-post-thumb wp-post-image\" alt=\"\" \/><\/div><\/article><\/li><li class='isotope-item casa-de-banho habitacao col-xs-6 col-md-3'><article class='inner'><a class='item-hover' href='https:\/\/envinor.com\/?portfolio=resguardo-de-duche-fixo'><div class='mask'><\/div><div class='item-info'><div class='headline'><h2>Resguardo de duche fixo<\/h2><\/div><\/div><\/a><div class='item-img'><img loading=\"lazy\" decoding=\"async\" width=\"360\" height=\"267\" src=\"https:\/\/envinor.com\/wp-content\/uploads\/2020\/10\/resguardo-duche-fixo-boavista-vidro-temperado-8mm-incolor-2-pecas-fixacao-D-360x267.jpg\" class=\"attachment-post-thumb attachment-post-thumb size-post-thumb wp-post-image\" alt=\"\" \/><\/div><\/article><\/li><li class='isotope-item divisorias interior pavilhoes-industriais col-xs-6 col-md-3'><article class='inner'><a class='item-hover' href='https:\/\/envinor.com\/?portfolio=divisoria-em-vidro-para-pavilhao-industrial'><div class='mask'><\/div><div class='item-info'><div class='headline'><h2>Divis\u00f3ria em vidro para pavilh\u00e3o industrial<\/h2><\/div><\/div><\/a><div class='item-img'><img loading=\"lazy\" decoding=\"async\" width=\"360\" height=\"267\" src=\"https:\/\/envinor.com\/wp-content\/uploads\/2020\/10\/resguardo-duche-fixo-boavista-vidro-temperado-8mm-incolor-2-pecas-fixacao-B-D-1-360x267.jpg\" class=\"attachment-post-thumb attachment-post-thumb size-post-thumb wp-post-image\" alt=\"\" \/><\/div><\/article><\/li><li class='isotope-item exterior habitacao varandas col-xs-6 col-md-3'><article class='inner'><a class='item-hover' href='https:\/\/envinor.com\/?portfolio=guarda-de-varanda'><div class='mask'><\/div><div class='item-info'><div class='headline'><h2>Guarda de varanda<\/h2><\/div><\/div><\/a><div class='item-img'><img loading=\"lazy\" decoding=\"async\" width=\"360\" height=\"267\" src=\"https:\/\/envinor.com\/wp-content\/uploads\/2020\/10\/resguardo-duche-fixo-boavista-vidro-temperado-8mm-incolor-2-pecas-fixacao-B-D-2-360x267.jpg\" class=\"attachment-post-thumb attachment-post-thumb size-post-thumb wp-post-image\" alt=\"\" \/><\/div><\/article><\/li><li class='isotope-item exterior col-xs-6 col-md-3'><article class='inner'><a class='item-hover' href='https:\/\/envinor.com\/?portfolio=piso-em-vidro'><div class='mask'><\/div><div class='item-info'><div class='headline'><h2>Piso em vidro<\/h2><\/div><\/div><\/a><div class='item-img'><img loading=\"lazy\" decoding=\"async\" width=\"360\" height=\"267\" src=\"https:\/\/envinor.com\/wp-content\/uploads\/2020\/10\/porta-correr-vidro-bronze-puxador-fechadura-casa-1-D-3-360x267.jpg\" class=\"attachment-post-thumb attachment-post-thumb size-post-thumb wp-post-image\" alt=\"\" \/><\/div><\/article><\/li><li class='isotope-item divisorias exterior habitacao col-xs-6 col-md-3'><article class='inner'><a class='item-hover' href='https:\/\/envinor.com\/?portfolio=divisoria-exterior-em-vidro'><div class='mask'><\/div><div class='item-info'><div class='headline'><h2>Divis\u00f3ria exterior em vidro<\/h2><\/div><\/div><\/a><div class='item-img'><img loading=\"lazy\" decoding=\"async\" width=\"338\" height=\"267\" src=\"https:\/\/envinor.com\/wp-content\/uploads\/2019\/09\/guarda-vidro-laminado-calhas-telheiro-2-D-338x267-1.jpg\" class=\"attachment-post-thumb attachment-post-thumb size-post-thumb wp-post-image\" alt=\"Produtos - montagem de vidros e espelhos.\" srcset=\"https:\/\/envinor.com\/wp-content\/uploads\/2019\/09\/guarda-vidro-laminado-calhas-telheiro-2-D-338x267-1.jpg 338w, https:\/\/envinor.com\/wp-content\/uploads\/2019\/09\/guarda-vidro-laminado-calhas-telheiro-2-D-338x267-1-300x237.jpg 300w\" sizes=\"auto, (max-width: 338px) 100vw, 338px\" \/><\/div><\/article><\/li><li class='isotope-item casa-de-banho col-xs-6 col-md-3'><article class='inner'><a class='item-hover' href='https:\/\/envinor.com\/?portfolio=espelho'><div class='mask'><\/div><div class='item-info'><div class='headline'><h2>Espelho<\/h2><\/div><\/div><\/a><div class='item-img'><img loading=\"lazy\" decoding=\"async\" width=\"360\" height=\"267\" src=\"https:\/\/envinor.com\/wp-content\/uploads\/2020\/10\/resguardo-duche-fixo-boavista-vidro-temperado-8mm-incolor-2-pecas-fixacao-D-1-360x267.jpg\" class=\"attachment-post-thumb attachment-post-thumb size-post-thumb wp-post-image\" alt=\"\" \/><\/div><\/article><\/li><li class='isotope-item habitacao interior col-xs-6 col-md-3'><article class='inner'><a class='item-hover' href='https:\/\/envinor.com\/?portfolio=guarda-de-escadas-em-vidro-temperado'><div class='mask'><\/div><div class='item-info'><div class='headline'><h2>Guarda de escadas em vidro temperado<\/h2><\/div><\/div><\/a><div class='item-img'><img loading=\"lazy\" decoding=\"async\" width=\"338\" height=\"267\" src=\"https:\/\/envinor.com\/wp-content\/uploads\/2020\/10\/porta-correr-vidro-bronze-puxador-fechadura-casa-1-D-4-338x267.jpg\" class=\"attachment-post-thumb attachment-post-thumb size-post-thumb wp-post-image\" alt=\"\" \/><\/div><\/article><\/li><li class='isotope-item espacos-comerciais interior col-xs-6 col-md-3'><article class='inner'><a class='item-hover' href='https:\/\/envinor.com\/?portfolio=antecamara-em-vidro'><div class='mask'><\/div><div class='item-info'><div class='headline'><h2>Antec\u00e2mara em vidro<\/h2><\/div><\/div><\/a><div class='item-img'><img loading=\"lazy\" decoding=\"async\" width=\"360\" height=\"267\" src=\"https:\/\/envinor.com\/wp-content\/uploads\/2020\/10\/GUARDA-ESCADAS-EM-VIDRO-10MM-INCOLOR-TEMPERADO-MINDELO-1-2-D-4-360x267.jpg\" class=\"attachment-post-thumb attachment-post-thumb size-post-thumb wp-post-image\" alt=\"\" \/><\/div><\/article><\/li><li class='isotope-item divisorias escritorio interior col-xs-6 col-md-3'><article class='inner'><a class='item-hover' href='https:\/\/envinor.com\/?portfolio=divisoria-em-vidro-para-escritorio'><div class='mask'><\/div><div class='item-info'><div class='headline'><h2>Divis\u00f3ria em vidro para escrit\u00f3rio<\/h2><\/div><\/div><\/a><div class='item-img'><img loading=\"lazy\" decoding=\"async\" width=\"360\" height=\"267\" src=\"https:\/\/envinor.com\/wp-content\/uploads\/2020\/10\/DIVISORIA-VIDRO-INCOLOR-FIXO-LAMINADO-C-CALHAS-PORTA-E-BANDEIRA-TEMPERADO-SISTEMA-PIVOTANTE-PUXADOR-FECHADURA-BOLA-VIANA-CASTELO-D-360x267.jpg\" class=\"attachment-post-thumb attachment-post-thumb size-post-thumb wp-post-image\" alt=\"\" \/><\/div><\/article><\/li><li class='isotope-item cozinha habitacao col-xs-6 col-md-3'><article class='inner'><a class='item-hover' href='https:\/\/envinor.com\/?portfolio=parede-de-cozinha-revestida-vidro-lacado-verde'><div class='mask'><\/div><div class='item-info'><div class='headline'><h2>Parede de cozinha revestida a vidro lacado verde<\/h2><\/div><\/div><\/a><div class='item-img'><img loading=\"lazy\" decoding=\"async\" width=\"360\" height=\"267\" src=\"https:\/\/envinor.com\/wp-content\/uploads\/2020\/10\/GUARDA-ESCADAS-EM-VIDRO-10MM-INCOLOR-TEMPERADO-MINDELO-1-1-D-6-360x267.jpg\" class=\"attachment-post-thumb attachment-post-thumb size-post-thumb wp-post-image\" alt=\"\" \/><\/div><\/article><\/li><li class='isotope-item exterior habitacao varandas col-xs-6 col-md-3'><article class='inner'><a class='item-hover' href='https:\/\/envinor.com\/?portfolio=varandas-com-calha'><div class='mask'><\/div><div class='item-info'><div class='headline'><h2>Varandas com calha<\/h2><\/div><\/div><\/a><div class='item-img'><img loading=\"lazy\" decoding=\"async\" width=\"360\" height=\"267\" src=\"https:\/\/envinor.com\/wp-content\/uploads\/2020\/10\/GUARDA-ESCADAS-EM-VIDRO-10MM-INCOLOR-TEMPERADO-MINDELO-1-1-D-7-360x267.jpg\" class=\"attachment-post-thumb attachment-post-thumb size-post-thumb wp-post-image\" alt=\"\" \/><\/div><\/article><\/li><li class='isotope-item divisorias habitacao interior col-xs-6 col-md-3'><article class='inner'><a class='item-hover' href='https:\/\/envinor.com\/?portfolio=divisoria-em-vidro-para-habitacao'><div class='mask'><\/div><div class='item-info'><div class='headline'><h2>Divis\u00f3ria em vidro para habita\u00e7\u00e3o<\/h2><\/div><\/div><\/a><div class='item-img'><img loading=\"lazy\" decoding=\"async\" width=\"360\" height=\"267\" src=\"https:\/\/envinor.com\/wp-content\/uploads\/2020\/10\/resguardo-duche-fixo-boavista-vidro-temperado-8mm-incolor-2-pecas-fixacao-B-D-3-360x267.jpg\" class=\"attachment-post-thumb attachment-post-thumb size-post-thumb wp-post-image\" alt=\"\" \/><\/div><\/article><\/li><li class='isotope-item espacos-comerciais col-xs-6 col-md-3'><article class='inner'><a class='item-hover' href='https:\/\/envinor.com\/?portfolio=espelhos-em-cabeleireiro'><div class='mask'><\/div><div class='item-info'><div class='headline'><h2>Espelhos em cabeleireiro<\/h2><\/div><\/div><\/a><div class='item-img'><img loading=\"lazy\" decoding=\"async\" width=\"360\" height=\"267\" src=\"https:\/\/envinor.com\/wp-content\/uploads\/2020\/10\/GUARDA-ESCADAS-EM-VIDRO-10MM-INCOLOR-TEMPERADO-MINDELO-1-1-D-9-360x267.jpg\" class=\"attachment-post-thumb attachment-post-thumb size-post-thumb wp-post-image\" alt=\"\" \/><\/div><\/article><\/li><li class='isotope-item cozinha habitacao col-xs-6 col-md-3'><article class='inner'><a class='item-hover' href='https:\/\/envinor.com\/?portfolio=cozinha-em-vidro-temperado-e-lacado'><div class='mask'><\/div><div class='item-info'><div class='headline'><h2>Cozinha em vidro temperado e lacado<\/h2><\/div><\/div><\/a><div class='item-img'><img loading=\"lazy\" decoding=\"async\" width=\"360\" height=\"267\" src=\"https:\/\/envinor.com\/wp-content\/uploads\/2020\/10\/DIVISORIA-VIDRO-INCOLOR-FIXO-LAMINADO-C-CALHAS-PORTA-E-BANDEIRA-TEMPERADO-SISTEMA-PIVOTANTE-PUXADOR-FECHADURA-BOLA-VIANA-CASTELO-D-5-360x267.jpg\" class=\"attachment-post-thumb attachment-post-thumb size-post-thumb wp-post-image\" alt=\"\" \/><\/div><\/article><\/li><li class='isotope-item casa-de-banho habitacao col-xs-6 col-md-3'><article class='inner'><a class='item-hover' href='https:\/\/envinor.com\/?portfolio=resguardo-em-vidro-sistema-de-correr'><div class='mask'><\/div><div class='item-info'><div class='headline'><h2>Resguardo em vidro \u2013 sistema de correr<\/h2><\/div><\/div><\/a><div class='item-img'><img loading=\"lazy\" decoding=\"async\" width=\"360\" height=\"267\" src=\"https:\/\/envinor.com\/wp-content\/uploads\/2020\/10\/DIVISORIA-VIDRO-INCOLOR-FIXO-LAMINADO-C-CALHAS-PORTA-E-BANDEIRA-TEMPERADO-SISTEMA-PIVOTANTE-PUXADOR-FECHADURA-BOLA-VIANA-CASTELO-D-6-360x267.jpg\" class=\"attachment-post-thumb attachment-post-thumb size-post-thumb wp-post-image\" alt=\"\" \/><\/div><\/article><\/li><li class='isotope-item espacos-comerciais col-xs-6 col-md-3'><article class='inner'><a class='item-hover' href='https:\/\/envinor.com\/?portfolio=lojas-em-shopping'><div class='mask'><\/div><div class='item-info'><div class='headline'><h2>Lojas em shopping<\/h2><\/div><\/div><\/a><div class='item-img'><img loading=\"lazy\" decoding=\"async\" width=\"360\" height=\"267\" src=\"https:\/\/envinor.com\/wp-content\/uploads\/2017\/06\/parfois-marshopping-vidros-dim-360x267.jpg\" class=\"attachment-post-thumb attachment-post-thumb size-post-thumb wp-post-image\" alt=\"\" \/><\/div><\/article><\/li><li class='isotope-item exterior habitacao varandas col-xs-6 col-md-3'><article class='inner'><a class='item-hover' href='https:\/\/envinor.com\/?portfolio=varanda-em-vidro'><div class='mask'><\/div><div class='item-info'><div class='headline'><h2>Varanda em vidro<\/h2><\/div><\/div><\/a><div class='item-img'><img loading=\"lazy\" decoding=\"async\" width=\"360\" height=\"267\" src=\"https:\/\/envinor.com\/wp-content\/uploads\/2017\/06\/varanda-calhas-vidro-laminado-incolor-marco-dim-destaque-360x267-1.jpg\" class=\"attachment-post-thumb attachment-post-thumb size-post-thumb wp-post-image\" alt=\"\" srcset=\"https:\/\/envinor.com\/wp-content\/uploads\/2017\/06\/varanda-calhas-vidro-laminado-incolor-marco-dim-destaque-360x267-1.jpg 360w, https:\/\/envinor.com\/wp-content\/uploads\/2017\/06\/varanda-calhas-vidro-laminado-incolor-marco-dim-destaque-360x267-1-300x223.jpg 300w\" sizes=\"auto, (max-width: 360px) 100vw, 360px\" \/><\/div><\/article><\/li><li class='isotope-item espacos-comerciais col-xs-6 col-md-3'><article class='inner'><a class='item-hover' href='https:\/\/envinor.com\/?portfolio=guichet-na-camara-municipal-da-maia'><div class='mask'><\/div><div class='item-info'><div class='headline'><h2>Guichet na C\u00e2mara Municipal da Maia<\/h2><\/div><\/div><\/a><div class='item-img'><img loading=\"lazy\" decoding=\"async\" width=\"360\" height=\"267\" src=\"https:\/\/envinor.com\/wp-content\/uploads\/2020\/10\/guiche-camara-municipal-maia-vidro-colagem-dim-360x267.jpg\" class=\"attachment-post-thumb attachment-post-thumb size-post-thumb wp-post-image\" alt=\"\" \/><\/div><\/article><\/li><li class='isotope-item escritorio espacos-comerciais col-xs-6 col-md-3'><article class='inner'><a class='item-hover' href='https:\/\/envinor.com\/?portfolio=espelhos'><div class='mask'><\/div><div class='item-info'><div class='headline'><h2>Espelhos<\/h2><\/div><\/div><\/a><div class='item-img'><img loading=\"lazy\" decoding=\"async\" width=\"360\" height=\"267\" src=\"https:\/\/envinor.com\/wp-content\/uploads\/2020\/10\/parede-de-espelhos-RVCASTELO-2-dim-360x267.jpg\" class=\"attachment-post-thumb attachment-post-thumb size-post-thumb wp-post-image\" alt=\"\" \/><\/div><\/article><\/li><li class='isotope-item habitacao col-xs-6 col-md-3'><article class='inner'><a class='item-hover' href='https:\/\/envinor.com\/?portfolio=vao-de-escadas-em-vidro'><div class='mask'><\/div><div class='item-info'><div class='headline'><h2>V\u00e3o de escadas em vidro<\/h2><\/div><\/div><\/a><div class='item-img'><img loading=\"lazy\" decoding=\"async\" width=\"360\" height=\"267\" src=\"https:\/\/envinor.com\/wp-content\/uploads\/2020\/10\/CaixaAbertaCabineDupla7Lugares-360x267.jpg\" class=\"attachment-post-thumb attachment-post-thumb size-post-thumb wp-post-image\" alt=\"\" \/><\/div><\/article><\/li><li class='isotope-item cozinha habitacao col-xs-6 col-md-3'><article class='inner'><a class='item-hover' href='https:\/\/envinor.com\/?portfolio=paredes-de-cozinha-revestidas-vidro-extraclaro-lacado'><div class='mask'><\/div><div class='item-info'><div class='headline'><h2>Paredes de cozinha revestidas a vidro extraclaro lacado<\/h2><\/div><\/div><\/a><div class='item-img'><img loading=\"lazy\" decoding=\"async\" width=\"360\" height=\"267\" src=\"https:\/\/envinor.com\/wp-content\/uploads\/2020\/10\/CaixaAbertaCabineDupla7Lugares-1-360x267.jpg\" class=\"attachment-post-thumb attachment-post-thumb size-post-thumb wp-post-image\" alt=\"\" \/><\/div><\/article><\/li><li class='isotope-item exterior habitacao varandas col-xs-6 col-md-3'><article class='inner'><a class='item-hover' href='https:\/\/envinor.com\/?portfolio=varanda-em-vidro-antes-depois'><div class='mask'><\/div><div class='item-info'><div class='headline'><h2>Varanda em vidro \u2013 antes &#038; depois<\/h2><\/div><\/div><\/a><div class='item-img'><img loading=\"lazy\" decoding=\"async\" width=\"360\" height=\"267\" src=\"https:\/\/envinor.com\/wp-content\/uploads\/2017\/06\/varanda-casa-depois-vidro-incolor-1-dim-360x267.jpg\" class=\"attachment-post-thumb attachment-post-thumb size-post-thumb wp-post-image\" alt=\"\" \/><\/div><\/article><\/li><li class='isotope-item exterior habitacao varandas col-xs-6 col-md-3'><article class='inner'><a class='item-hover' href='https:\/\/envinor.com\/?portfolio=varanda-em-vidro-fosco'><div class='mask'><\/div><div class='item-info'><div class='headline'><h2>Varanda em vidro fosco<\/h2><\/div><\/div><\/a><div class='item-img'><img loading=\"lazy\" decoding=\"async\" width=\"360\" height=\"267\" src=\"https:\/\/envinor.com\/wp-content\/uploads\/2020\/10\/varanda-calhas-vidro-laminado-fosco-leca-da-palmeira-dim-Copia-360x267.jpg\" class=\"attachment-post-thumb attachment-post-thumb size-post-thumb wp-post-image\" alt=\"\" \/><\/div><\/article><\/li><li class='isotope-item espacos-comerciais mobiliario pavilhoes-industriais col-xs-6 col-md-3'><article class='inner'><a class='item-hover' href='https:\/\/envinor.com\/?portfolio=vitrines-e-expositores'><div class='mask'><\/div><div class='item-info'><div class='headline'><h2>Vitrines e Expositores<\/h2><\/div><\/div><\/a><div class='item-img'><img loading=\"lazy\" decoding=\"async\" width=\"360\" height=\"267\" src=\"https:\/\/envinor.com\/wp-content\/uploads\/2017\/06\/vitrine-vidro-chaves-colado-dim-Copia2-360x267-1.jpg\" class=\"attachment-post-thumb attachment-post-thumb size-post-thumb wp-post-image\" alt=\"\" srcset=\"https:\/\/envinor.com\/wp-content\/uploads\/2017\/06\/vitrine-vidro-chaves-colado-dim-Copia2-360x267-1.jpg 360w, https:\/\/envinor.com\/wp-content\/uploads\/2017\/06\/vitrine-vidro-chaves-colado-dim-Copia2-360x267-1-300x223.jpg 300w\" sizes=\"auto, (max-width: 360px) 100vw, 360px\" \/><\/div><\/article><\/li><li class='isotope-item divisorias escritorio espacos-comerciais interior pavilhoes-industriais col-xs-6 col-md-3'><article class='inner'><a class='item-hover' href='https:\/\/envinor.com\/?portfolio=sistema-de-correr-para-divisorias-em-vidro'><div class='mask'><\/div><div class='item-info'><div class='headline'><h2>Sistema de correr para divis\u00f3rias em vidro<\/h2><\/div><\/div><\/a><div class='item-img'><img loading=\"lazy\" decoding=\"async\" width=\"360\" height=\"267\" src=\"https:\/\/envinor.com\/wp-content\/uploads\/2017\/06\/sistema-correr-vista-frente-dim-1-360x267-1.jpg\" class=\"attachment-post-thumb attachment-post-thumb size-post-thumb wp-post-image\" alt=\"\" srcset=\"https:\/\/envinor.com\/wp-content\/uploads\/2017\/06\/sistema-correr-vista-frente-dim-1-360x267-1.jpg 360w, https:\/\/envinor.com\/wp-content\/uploads\/2017\/06\/sistema-correr-vista-frente-dim-1-360x267-1-300x223.jpg 300w\" sizes=\"auto, (max-width: 360px) 100vw, 360px\" \/><\/div><\/article><\/li><li class='isotope-item espacos-comerciais col-xs-6 col-md-3'><article class='inner'><a class='item-hover' href='https:\/\/envinor.com\/?portfolio=parede-em-espelho-antes-depois'><div class='mask'><\/div><div class='item-info'><div class='headline'><h2>Parede em espelho \u2013 antes &#038; depois<\/h2><\/div><\/div><\/a><div class='item-img'><img loading=\"lazy\" decoding=\"async\" width=\"360\" height=\"267\" src=\"https:\/\/envinor.com\/wp-content\/uploads\/2020\/10\/parede-espelho-depois-dim-1-360x267.jpg\" class=\"attachment-post-thumb attachment-post-thumb size-post-thumb wp-post-image\" alt=\"\" \/><\/div><\/article><\/li><li class='isotope-item cozinha habitacao col-xs-6 col-md-3'><article class='inner'><a class='item-hover' href='https:\/\/envinor.com\/?portfolio=cozinha-revestimento-de-paredes-e-divisorias'><div class='mask'><\/div><div class='item-info'><div class='headline'><h2>Cozinha \u2013 revestimento de paredes e divis\u00f3rias<\/h2><\/div><\/div><\/a><div class='item-img'><img loading=\"lazy\" decoding=\"async\" width=\"320\" height=\"240\" src=\"https:\/\/envinor.com\/wp-content\/uploads\/2020\/10\/cozinha-em-vidro-lacado-branco-e-divisoria-em-vidro-incolor-1.jpg\" class=\"attachment-post-thumb attachment-post-thumb size-post-thumb wp-post-image\" alt=\"\" srcset=\"https:\/\/envinor.com\/wp-content\/uploads\/2020\/10\/cozinha-em-vidro-lacado-branco-e-divisoria-em-vidro-incolor-1.jpg 320w, https:\/\/envinor.com\/wp-content\/uploads\/2020\/10\/cozinha-em-vidro-lacado-branco-e-divisoria-em-vidro-incolor-1-300x225.jpg 300w\" sizes=\"auto, (max-width: 320px) 100vw, 320px\" \/><\/div><\/article><\/li><li class='isotope-item divisorias escritorio interior pavilhoes-industriais col-xs-6 col-md-3'><article class='inner'><a class='item-hover' href='https:\/\/envinor.com\/?portfolio=instalacao-de-divisorias-em-escritorios'><div class='mask'><\/div><div class='item-info'><div class='headline'><h2>Instala\u00e7\u00e3o de divis\u00f3rias em escrit\u00f3rios<\/h2><\/div><\/div><\/a><div class='item-img'><img loading=\"lazy\" decoding=\"async\" width=\"360\" height=\"267\" src=\"https:\/\/envinor.com\/wp-content\/uploads\/2020\/10\/divisorias-escritorios-transportes-magalhaes-e-bruno-.-dim-360x267.jpg\" class=\"attachment-post-thumb attachment-post-thumb size-post-thumb wp-post-image\" alt=\"\" \/><\/div><\/article><\/li><li class='isotope-item divisorias escritorio interior pavilhoes-industriais col-xs-6 col-md-3'><article class='inner'><a class='item-hover' href='https:\/\/envinor.com\/?portfolio=escritorios-e-outras-divisorias-em-vidro'><div class='mask'><\/div><div class='item-info'><div class='headline'><h2>Escrit\u00f3rios e outras divis\u00f3rias em vidro<\/h2><\/div><\/div><\/a><div class='item-img'><img loading=\"lazy\" decoding=\"async\" width=\"360\" height=\"267\" src=\"https:\/\/envinor.com\/wp-content\/uploads\/2017\/05\/divisorias-escritorios-vidro-incolor-av-boavista-montecillo-5dim-360x267-1.jpg\" class=\"attachment-post-thumb attachment-post-thumb size-post-thumb wp-post-image\" alt=\"\" srcset=\"https:\/\/envinor.com\/wp-content\/uploads\/2017\/05\/divisorias-escritorios-vidro-incolor-av-boavista-montecillo-5dim-360x267-1.jpg 360w, https:\/\/envinor.com\/wp-content\/uploads\/2017\/05\/divisorias-escritorios-vidro-incolor-av-boavista-montecillo-5dim-360x267-1-300x223.jpg 300w\" sizes=\"auto, (max-width: 360px) 100vw, 360px\" \/><\/div><\/article><\/li><li class='isotope-item casa-de-banho habitacao col-xs-6 col-md-3'><article class='inner'><a class='item-hover' href='https:\/\/envinor.com\/?portfolio=parede-wc-revestida-a-vidro-extraclaro-lacado'><div class='mask'><\/div><div class='item-info'><div class='headline'><h2>Parede WC revestida a vidro extraclaro lacado<\/h2><\/div><\/div><\/a><div class='item-img'><img loading=\"lazy\" decoding=\"async\" width=\"360\" height=\"267\" src=\"https:\/\/envinor.com\/wp-content\/uploads\/2017\/05\/parede-wc-revestida-vidro-extraclaro-lacado-360x267.png\" class=\"attachment-post-thumb attachment-post-thumb size-post-thumb wp-post-image\" alt=\"parede wc revestida vidro extraclaro lacado\" \/><\/div><\/article><\/li><li class='isotope-item casa-de-banho habitacao col-xs-6 col-md-3'><article class='inner'><a class='item-hover' href='https:\/\/envinor.com\/?portfolio=resguardo-de-banheira-em-vidro-fixo'><div class='mask'><\/div><div class='item-info'><div class='headline'><h2>Resguardo de banheira em vidro fixo<\/h2><\/div><\/div><\/a><div class='item-img'><img loading=\"lazy\" decoding=\"async\" width=\"360\" height=\"267\" src=\"https:\/\/envinor.com\/wp-content\/uploads\/2020\/10\/duche-portas-de-correr-900x600px-360x267.jpg\" class=\"attachment-post-thumb attachment-post-thumb size-post-thumb wp-post-image\" alt=\"\" \/><\/div><\/article><\/li><li class='isotope-item espacos-comerciais col-xs-6 col-md-3'><article class='inner'><a class='item-hover' href='https:\/\/envinor.com\/?portfolio=lojas-e-espacos-comerciais'><div class='mask'><\/div><div class='item-info'><div class='headline'><h2>Lojas e Espa\u00e7os Comerciais<\/h2><\/div><\/div><\/a><div class='item-img'><img loading=\"lazy\" decoding=\"async\" width=\"360\" height=\"267\" src=\"https:\/\/envinor.com\/wp-content\/uploads\/2014\/12\/loja-exterior-360x267.jpg\" class=\"attachment-post-thumb attachment-post-thumb size-post-thumb wp-post-image\" alt=\"\" \/><\/div><\/article><\/li><li class='isotope-item divisorias escritorio col-xs-6 col-md-3'><article class='inner'><a class='item-hover' href='https:\/\/envinor.com\/?portfolio=divisoria-para-escritorios'><div class='mask'><\/div><div class='item-info'><div class='headline'><h2>Divis\u00f3ria para Escrit\u00f3rios<\/h2><\/div><\/div><\/a><div class='item-img'><img loading=\"lazy\" decoding=\"async\" width=\"360\" height=\"267\" src=\"https:\/\/envinor.com\/wp-content\/uploads\/2020\/10\/escritorios3-360x267.jpg\" class=\"attachment-post-thumb attachment-post-thumb size-post-thumb wp-post-image\" alt=\"\" \/><\/div><\/article><\/li><li class='isotope-item espacos-comerciais col-xs-6 col-md-3'><article class='inner'><a class='item-hover' href='https:\/\/envinor.com\/?portfolio=mobiliario-decorativo'><div class='mask'><\/div><div class='item-info'><div class='headline'><h2>Mobili\u00e1rio Decorativo<\/h2><\/div><\/div><\/a><div class='item-img'><img loading=\"lazy\" decoding=\"async\" width=\"360\" height=\"267\" src=\"https:\/\/envinor.com\/wp-content\/uploads\/2020\/10\/vitrines-prateleiras-360x267.jpg\" class=\"attachment-post-thumb attachment-post-thumb size-post-thumb wp-post-image\" alt=\"\" \/><\/div><\/article><\/li><li class='isotope-item exterior col-xs-6 col-md-3'><article class='inner'><a class='item-hover' href='https:\/\/envinor.com\/?portfolio=paragem-de-autocarro'><div class='mask'><\/div><div class='item-info'><div class='headline'><h2>Paragem de Autocarro<\/h2><\/div><\/div><\/a><div class='item-img'><img loading=\"lazy\" decoding=\"async\" width=\"360\" height=\"267\" src=\"https:\/\/envinor.com\/wp-content\/uploads\/2020\/10\/paragem-autocarro-360x267.jpg\" class=\"attachment-post-thumb attachment-post-thumb size-post-thumb wp-post-image\" alt=\"\" \/><\/div><\/article><\/li><li class='isotope-item escritorio espacos-comerciais mobiliario col-xs-6 col-md-3'><article class='inner'><a class='item-hover' href='https:\/\/envinor.com\/?portfolio=expositor-de-museu'><div class='mask'><\/div><div class='item-info'><div class='headline'><h2>Expositor de Museu<\/h2><\/div><\/div><\/a><div class='item-img'><img loading=\"lazy\" decoding=\"async\" width=\"360\" height=\"267\" src=\"https:\/\/envinor.com\/wp-content\/uploads\/2020\/10\/expositor-de-museu-360x267.jpg\" class=\"attachment-post-thumb attachment-post-thumb size-post-thumb wp-post-image\" alt=\"\" \/><\/div><\/article><\/li><li class='isotope-item habitacao col-xs-6 col-md-3'><article class='inner'><a class='item-hover' href='https:\/\/envinor.com\/?portfolio=portas-exteriores'><div class='mask'><\/div><div class='item-info'><div class='headline'><h2>Portas exteriores<\/h2><\/div><\/div><\/a><div class='item-img'><img loading=\"lazy\" decoding=\"async\" width=\"360\" height=\"267\" src=\"https:\/\/envinor.com\/wp-content\/uploads\/2020\/10\/portas-exteriores-vidro-360x267.jpg\" class=\"attachment-post-thumb attachment-post-thumb size-post-thumb wp-post-image\" alt=\"\" \/><\/div><\/article><\/li><li class='isotope-item interior col-xs-6 col-md-3'><article class='inner'><a class='item-hover' href='https:\/\/envinor.com\/?portfolio=portas-da-reitoria-da-univ-porto'><div class='mask'><\/div><div class='item-info'><div class='headline'><h2>Portas da Reitoria da Univ. Porto<\/h2><\/div><\/div><\/a><div class='item-img'><img loading=\"lazy\" decoding=\"async\" width=\"360\" height=\"267\" src=\"https:\/\/envinor.com\/wp-content\/uploads\/2014\/07\/portas-a-reitoria-360x267-1.jpg\" class=\"attachment-post-thumb attachment-post-thumb size-post-thumb wp-post-image\" alt=\"\" srcset=\"https:\/\/envinor.com\/wp-content\/uploads\/2014\/07\/portas-a-reitoria-360x267-1.jpg 360w, https:\/\/envinor.com\/wp-content\/uploads\/2014\/07\/portas-a-reitoria-360x267-1-300x223.jpg 300w\" sizes=\"auto, (max-width: 360px) 100vw, 360px\" \/><\/div><\/article><\/li><li class='isotope-item habitacao col-xs-6 col-md-3'><article class='inner'><a class='item-hover' href='https:\/\/envinor.com\/?portfolio=tampo-de-vidro'><div class='mask'><\/div><div class='item-info'><div class='headline'><h2>Tampo de Vidro<\/h2><\/div><\/div><\/a><div class='item-img'><img loading=\"lazy\" decoding=\"async\" width=\"360\" height=\"267\" src=\"https:\/\/envinor.com\/wp-content\/uploads\/2020\/10\/tampo-vidro-mesa-sala-360x267.jpg\" class=\"attachment-post-thumb attachment-post-thumb size-post-thumb wp-post-image\" alt=\"\" \/><\/div><\/article><\/li><li class='isotope-item divisorias escritorio col-xs-6 col-md-3'><article class='inner'><a class='item-hover' href='https:\/\/envinor.com\/?portfolio=divisoria-harmonica-porflex'><div class='mask'><\/div><div class='item-info'><div class='headline'><h2>Divis\u00f3ria harm\u00f3nica\/porflex<\/h2><\/div><\/div><\/a><div class='item-img'><img loading=\"lazy\" decoding=\"async\" width=\"360\" height=\"267\" src=\"https:\/\/envinor.com\/wp-content\/uploads\/2020\/10\/divisorias-vidro1-360x267.jpg\" class=\"attachment-post-thumb attachment-post-thumb size-post-thumb wp-post-image\" alt=\"\" \/><\/div><\/article><\/li><li class='isotope-item habitacao col-xs-6 col-md-3'><article class='inner'><a class='item-hover' href='https:\/\/envinor.com\/?portfolio=janelas'><div class='mask'><\/div><div class='item-info'><div class='headline'><h2>Janelas<\/h2><\/div><\/div><\/a><div class='item-img'><img loading=\"lazy\" decoding=\"async\" width=\"360\" height=\"267\" src=\"https:\/\/envinor.com\/wp-content\/uploads\/2020\/10\/janelas-360x267.jpg\" class=\"attachment-post-thumb attachment-post-thumb size-post-thumb wp-post-image\" alt=\"\" \/><\/div><\/article><\/li><li class='isotope-item espacos-comerciais col-xs-6 col-md-3'><article class='inner'><a class='item-hover' href='https:\/\/envinor.com\/?portfolio=vitrine-de-pastelaria'><div class='mask'><\/div><div class='item-info'><div class='headline'><h2>Vitrine de Pastelaria<\/h2><\/div><\/div><\/a><div class='item-img'><img loading=\"lazy\" decoding=\"async\" width=\"360\" height=\"267\" src=\"https:\/\/envinor.com\/wp-content\/uploads\/2020\/10\/vitrine-pastelaria-360x267.jpg\" class=\"attachment-post-thumb attachment-post-thumb size-post-thumb wp-post-image\" alt=\"\" \/><\/div><\/article><\/li><\/ul><div class='portfolio-pagination'><\/div>[\/vc_column][\/vc_row]<\/p>\n<\/div>","protected":false},"excerpt":{"rendered":"<p>[vc_row css=&#8221;.vc_custom_1418303236699{margin-top: -75px !important;}&#8221; has_content=&#8221;true&#8221;][vc_column][\/vc_column][\/vc_row]<\/p>\n","protected":false},"author":1,"featured_media":1221,"parent":0,"menu_order":0,"comment_status":"open","ping_status":"open","template":"","meta":{"footnotes":""},"class_list":["post-865","page","type-page","status-publish","has-post-thumbnail","hentry"],"yoast_head":"<!-- This site is optimized with the Yoast SEO plugin v25.3.1 - https:\/\/yoast.com\/wordpress\/plugins\/seo\/ -->\n<title>Projetos - Envinor<\/title>\n<meta name=\"description\" content=\"Descubra algumas das obras que desenvolvemos ao longo dos nossos 25 anos de experi\u00eancia. Pe\u00e7a j\u00e1 o seu or\u00e7amento e d\u00ea asas ao seu projeto de sonho!\" \/>\n<meta name=\"robots\" content=\"index, follow, max-snippet:-1, max-image-preview:large, max-video-preview:-1\" \/>\n<link rel=\"canonical\" href=\"https:\/\/envinor.com\/?page_id=865\" \/>\n<meta property=\"og:locale\" content=\"pt_PT\" \/>\n<meta property=\"og:type\" content=\"article\" \/>\n<meta property=\"og:title\" content=\"Projetos - Envinor\" \/>\n<meta property=\"og:description\" content=\"Descubra algumas das obras que desenvolvemos ao longo dos nossos 25 anos de experi\u00eancia. Pe\u00e7a j\u00e1 o seu or\u00e7amento e d\u00ea asas ao seu projeto de sonho!\" \/>\n<meta property=\"og:url\" content=\"https:\/\/envinor.com\/?page_id=865\" \/>\n<meta property=\"og:site_name\" content=\"Envinor\" \/>\n<meta property=\"article:modified_time\" content=\"2020-11-24T11:06:26+00:00\" \/>\n<meta property=\"og:image\" content=\"https:\/\/envinor.com\/wp-content\/uploads\/2020\/11\/guarda-de-escada-em-vidro-temperado.jpeg\" \/>\n\t<meta property=\"og:image:width\" content=\"1024\" \/>\n\t<meta property=\"og:image:height\" content=\"768\" \/>\n\t<meta property=\"og:image:type\" content=\"image\/jpeg\" \/>\n<meta name=\"twitter:card\" content=\"summary_large_image\" \/>\n<script type=\"application\/ld+json\" class=\"yoast-schema-graph\">{\"@context\":\"https:\/\/schema.org\",\"@graph\":[{\"@type\":\"WebPage\",\"@id\":\"https:\/\/envinor.com\/?page_id=865\",\"url\":\"https:\/\/envinor.com\/?page_id=865\",\"name\":\"Projetos - Envinor\",\"isPartOf\":{\"@id\":\"https:\/\/envinor.com\/#website\"},\"primaryImageOfPage\":{\"@id\":\"https:\/\/envinor.com\/?page_id=865#primaryimage\"},\"image\":{\"@id\":\"https:\/\/envinor.com\/?page_id=865#primaryimage\"},\"thumbnailUrl\":\"https:\/\/envinor.com\/wp-content\/uploads\/2020\/11\/guarda-de-escada-em-vidro-temperado.jpeg\",\"datePublished\":\"2020-10-08T11:13:56+00:00\",\"dateModified\":\"2020-11-24T11:06:26+00:00\",\"description\":\"Descubra algumas das obras que desenvolvemos ao longo dos nossos 25 anos de experi\u00eancia. Pe\u00e7a j\u00e1 o seu or\u00e7amento e d\u00ea asas ao seu projeto de sonho!\",\"breadcrumb\":{\"@id\":\"https:\/\/envinor.com\/?page_id=865#breadcrumb\"},\"inLanguage\":\"pt-PT\",\"potentialAction\":[{\"@type\":\"ReadAction\",\"target\":[\"https:\/\/envinor.com\/?page_id=865\"]}]},{\"@type\":\"ImageObject\",\"inLanguage\":\"pt-PT\",\"@id\":\"https:\/\/envinor.com\/?page_id=865#primaryimage\",\"url\":\"https:\/\/envinor.com\/wp-content\/uploads\/2020\/11\/guarda-de-escada-em-vidro-temperado.jpeg\",\"contentUrl\":\"https:\/\/envinor.com\/wp-content\/uploads\/2020\/11\/guarda-de-escada-em-vidro-temperado.jpeg\",\"width\":1024,\"height\":768,\"caption\":\"Envinor - projetos desenvolvidos\"},{\"@type\":\"BreadcrumbList\",\"@id\":\"https:\/\/envinor.com\/?page_id=865#breadcrumb\",\"itemListElement\":[{\"@type\":\"ListItem\",\"position\":1,\"name\":\"In\u00edcio\",\"item\":\"https:\/\/envinor.com\/\"},{\"@type\":\"ListItem\",\"position\":2,\"name\":\"Projetos\"}]},{\"@type\":\"WebSite\",\"@id\":\"https:\/\/envinor.com\/#website\",\"url\":\"https:\/\/envinor.com\/\",\"name\":\"Envinor\",\"description\":\"Empresa de Vidros do Norte\",\"potentialAction\":[{\"@type\":\"SearchAction\",\"target\":{\"@type\":\"EntryPoint\",\"urlTemplate\":\"https:\/\/envinor.com\/?s={search_term_string}\"},\"query-input\":{\"@type\":\"PropertyValueSpecification\",\"valueRequired\":true,\"valueName\":\"search_term_string\"}}],\"inLanguage\":\"pt-PT\"}]}<\/script>\n<!-- \/ Yoast SEO plugin. -->","yoast_head_json":{"title":"Projetos - Envinor","description":"Descubra algumas das obras que desenvolvemos ao longo dos nossos 25 anos de experi\u00eancia. Pe\u00e7a j\u00e1 o seu or\u00e7amento e d\u00ea asas ao seu projeto de sonho!","robots":{"index":"index","follow":"follow","max-snippet":"max-snippet:-1","max-image-preview":"max-image-preview:large","max-video-preview":"max-video-preview:-1"},"canonical":"https:\/\/envinor.com\/?page_id=865","og_locale":"pt_PT","og_type":"article","og_title":"Projetos - Envinor","og_description":"Descubra algumas das obras que desenvolvemos ao longo dos nossos 25 anos de experi\u00eancia. Pe\u00e7a j\u00e1 o seu or\u00e7amento e d\u00ea asas ao seu projeto de sonho!","og_url":"https:\/\/envinor.com\/?page_id=865","og_site_name":"Envinor","article_modified_time":"2020-11-24T11:06:26+00:00","og_image":[{"width":1024,"height":768,"url":"https:\/\/envinor.com\/wp-content\/uploads\/2020\/11\/guarda-de-escada-em-vidro-temperado.jpeg","type":"image\/jpeg"}],"twitter_card":"summary_large_image","schema":{"@context":"https:\/\/schema.org","@graph":[{"@type":"WebPage","@id":"https:\/\/envinor.com\/?page_id=865","url":"https:\/\/envinor.com\/?page_id=865","name":"Projetos - Envinor","isPartOf":{"@id":"https:\/\/envinor.com\/#website"},"primaryImageOfPage":{"@id":"https:\/\/envinor.com\/?page_id=865#primaryimage"},"image":{"@id":"https:\/\/envinor.com\/?page_id=865#primaryimage"},"thumbnailUrl":"https:\/\/envinor.com\/wp-content\/uploads\/2020\/11\/guarda-de-escada-em-vidro-temperado.jpeg","datePublished":"2020-10-08T11:13:56+00:00","dateModified":"2020-11-24T11:06:26+00:00","description":"Descubra algumas das obras que desenvolvemos ao longo dos nossos 25 anos de experi\u00eancia. Pe\u00e7a j\u00e1 o seu or\u00e7amento e d\u00ea asas ao seu projeto de sonho!","breadcrumb":{"@id":"https:\/\/envinor.com\/?page_id=865#breadcrumb"},"inLanguage":"pt-PT","potentialAction":[{"@type":"ReadAction","target":["https:\/\/envinor.com\/?page_id=865"]}]},{"@type":"ImageObject","inLanguage":"pt-PT","@id":"https:\/\/envinor.com\/?page_id=865#primaryimage","url":"https:\/\/envinor.com\/wp-content\/uploads\/2020\/11\/guarda-de-escada-em-vidro-temperado.jpeg","contentUrl":"https:\/\/envinor.com\/wp-content\/uploads\/2020\/11\/guarda-de-escada-em-vidro-temperado.jpeg","width":1024,"height":768,"caption":"Envinor - projetos desenvolvidos"},{"@type":"BreadcrumbList","@id":"https:\/\/envinor.com\/?page_id=865#breadcrumb","itemListElement":[{"@type":"ListItem","position":1,"name":"In\u00edcio","item":"https:\/\/envinor.com\/"},{"@type":"ListItem","position":2,"name":"Projetos"}]},{"@type":"WebSite","@id":"https:\/\/envinor.com\/#website","url":"https:\/\/envinor.com\/","name":"Envinor","description":"Empresa de Vidros do Norte","potentialAction":[{"@type":"SearchAction","target":{"@type":"EntryPoint","urlTemplate":"https:\/\/envinor.com\/?s={search_term_string}"},"query-input":{"@type":"PropertyValueSpecification","valueRequired":true,"valueName":"search_term_string"}}],"inLanguage":"pt-PT"}]}},"_links":{"self":[{"href":"https:\/\/envinor.com\/index.php?rest_route=\/wp\/v2\/pages\/865","targetHints":{"allow":["GET"]}}],"collection":[{"href":"https:\/\/envinor.com\/index.php?rest_route=\/wp\/v2\/pages"}],"about":[{"href":"https:\/\/envinor.com\/index.php?rest_route=\/wp\/v2\/types\/page"}],"author":[{"embeddable":true,"href":"https:\/\/envinor.com\/index.php?rest_route=\/wp\/v2\/users\/1"}],"replies":[{"embeddable":true,"href":"https:\/\/envinor.com\/index.php?rest_route=%2Fwp%2Fv2%2Fcomments&post=865"}],"version-history":[{"count":2,"href":"https:\/\/envinor.com\/index.php?rest_route=\/wp\/v2\/pages\/865\/revisions"}],"predecessor-version":[{"id":1326,"href":"https:\/\/envinor.com\/index.php?rest_route=\/wp\/v2\/pages\/865\/revisions\/1326"}],"wp:featuredmedia":[{"embeddable":true,"href":"https:\/\/envinor.com\/index.php?rest_route=\/wp\/v2\/media\/1221"}],"wp:attachment":[{"href":"https:\/\/envinor.com\/index.php?rest_route=%2Fwp%2Fv2%2Fmedia&parent=865"}],"curies":[{"name":"wp","href":"https:\/\/api.w.org\/{rel}","templated":true}]}}